{"id":96,"date":"2025-03-25T11:42:35","date_gmt":"2025-03-25T14:42:35","guid":{"rendered":"https:\/\/rotasturisticas.jundiai.sp.gov.br\/afro\/?page_id=96"},"modified":"2025-03-26T14:14:26","modified_gmt":"2025-03-26T17:14:26","slug":"espaco-expressa","status":"publish","type":"page","link":"https:\/\/rotasturisticas.jundiai.sp.gov.br\/culturanegra\/o-que-visitar\/espaco-expressa\/","title":{"rendered":"Espa\u00e7o Expressa"},"content":{"rendered":"\n<p>Inaugurada em 1872, a Companhia Paulista de Estradas de Ferro estabeleceu-se na cidade de Jundia\u00ed em 1890, onde abrigou as oficinas de locomotivas da empresa. Com o objetivo de escoar a produ\u00e7\u00e3o cafeeira do interior paulista para exporta\u00e7\u00e3o, os trilhos da Companhia Paulista convergiam para Jundia\u00ed, onde j\u00e1 estava instalada, desde 1867, a The S\u00e3o Paulo Railway Company Ltd, que tinha o monop\u00f3lio do transporte ferrovi\u00e1rio da cidade at\u00e9 o porto santista.<\/p>\n\n\n\n<p>Antes uma economia baseada na m\u00e3o de obra de pessoas escravizadas, na agricultura de subsist\u00eancia e no com\u00e9rcio de muares e apetrechos para atender tropeiros e bandeirantes a caminho do interior do Brasil, Jundia\u00ed tem sua paisagem local transformada pela modernidade que a ferrovia representa, viabilizando o desenvolvimento urbano-industrial com a chegada das primeiras f\u00e1bricas ainda no final do s\u00e9culo XIX. Este cen\u00e1rio de transforma\u00e7\u00e3o promovido pela ferrovia \u00e9 refletido tamb\u00e9m nas caracter\u00edsticas da sociedade jundiaiense. Ainda muito antes da chegada da ferrovia, com o processo de coloniza\u00e7\u00e3o, o antigo territ\u00f3rio ind\u00edgena viu seus povos origin\u00e1rios escravizados e, em seguida, substitu\u00eddos por africanos que, tamb\u00e9m escravizados, para c\u00e1 foram trazidos e cuja for\u00e7a de trabalho foi respons\u00e1vel, em grande parte, pelo desenvolvimento da antiga Prov\u00edncia de S\u00e3o Paulo. Com o fim da escravid\u00e3o, o advento da Rep\u00fablica e a chegada de imigrantes europeus, sobretudo italianos, a popula\u00e7\u00e3o negra viu-se ainda mais \u00e0 margem da sociedade. Com a implanta\u00e7\u00e3o das ferrovias e das ind\u00fastrias, tamb\u00e9m surgem novas profiss\u00f5es, formando uma elite prolet\u00e1ria entre os trabalhadores da cidade.<\/p>\n\n\n\n<p>Nesta perspectiva, o Espa\u00e7o Expressa e sua hist\u00f3ria representam um marco na transi\u00e7\u00e3o social e econ\u00f4mica de Jundia\u00ed e inclu\u00ed-lo entre os locais de mem\u00f3ria da comunidade negra permite conhecer o contexto de luta e afirma\u00e7\u00e3o da popula\u00e7\u00e3o negra para se inserir na sociedade local, al\u00e9m de promover a reflex\u00e3o sobre as formas de participa\u00e7\u00e3o do negro na constru\u00e7\u00e3o da cidade.<br><\/p>\n\n\n\n<p><strong>Saiba mais em:<\/strong> <a href=\"https:\/\/cultura.jundiai.sp.gov.br\/espacos-culturais\/arquivo-historico-professora-maria-angela-borges-salvadori\/\">Arquivo Hist\u00f3rico Professora Maria Angela Borges Salvadori<\/a><\/p>\n\n\n\n<p>Texto: Val\u00e9ria de Paula Ign\u00e1cio, Departamento de Cultura e Denilson Ricardo Andr\u00e9,<strong>&nbsp;<\/strong>Departamento de Patrim\u00f4nio. Unidade de Gest\u00e3o de Cultura \u2013 Fevereiro\/2023 \u2013 revis\u00e3o Mar\u00e7o\/2025.<\/p>\n\n\n\n<figure class=\"wp-block-gallery has-nested-images columns-default is-cropped wp-block-gallery-1 is-layout-flex wp-block-gallery-is-layout-flex\">\n<figure class=\"wp-block-image size-full\"><img loading=\"lazy\" decoding=\"async\" width=\"1200\" height=\"800\" data-id=\"196\" src=\"https:\/\/rotasturisticas.jundiai.sp.gov.br\/afro\/wp-content\/uploads\/sites\/11\/2025\/03\/Entrega_Cinema_Sao_Paulo_Minas_Plantio_Bosque_dos_Artistas_PA-1-1200x800-1.jpg\" alt=\"\" class=\"wp-image-196\" srcset=\"https:\/\/rotasturisticas.jundiai.sp.gov.br\/culturanegra\/wp-content\/uploads\/sites\/11\/2025\/03\/Entrega_Cinema_Sao_Paulo_Minas_Plantio_Bosque_dos_Artistas_PA-1-1200x800-1.jpg 1200w, https:\/\/rotasturisticas.jundiai.sp.gov.br\/culturanegra\/wp-content\/uploads\/sites\/11\/2025\/03\/Entrega_Cinema_Sao_Paulo_Minas_Plantio_Bosque_dos_Artistas_PA-1-1200x800-1-768x512.jpg 768w\" sizes=\"auto, (max-width: 1200px) 100vw, 1200px\" \/><\/figure>\n\n\n\n<figure class=\"wp-block-image size-full\"><img loading=\"lazy\" decoding=\"async\" width=\"1280\" height=\"853\" data-id=\"198\" src=\"https:\/\/rotasturisticas.jundiai.sp.gov.br\/afro\/wp-content\/uploads\/sites\/11\/2025\/03\/complexo_fepasa-2-1-1.jpg\" alt=\"\" class=\"wp-image-198\" srcset=\"https:\/\/rotasturisticas.jundiai.sp.gov.br\/culturanegra\/wp-content\/uploads\/sites\/11\/2025\/03\/complexo_fepasa-2-1-1.jpg 1280w, https:\/\/rotasturisticas.jundiai.sp.gov.br\/culturanegra\/wp-content\/uploads\/sites\/11\/2025\/03\/complexo_fepasa-2-1-1-768x512.jpg 768w\" sizes=\"auto, (max-width: 1280px) 100vw, 1280px\" \/><\/figure>\n\n\n\n<figure class=\"wp-block-image size-full\"><img loading=\"lazy\" decoding=\"async\" width=\"1280\" height=\"853\" data-id=\"199\" src=\"https:\/\/rotasturisticas.jundiai.sp.gov.br\/afro\/wp-content\/uploads\/sites\/11\/2025\/03\/complexo_fepasa-1-1.jpg\" alt=\"\" class=\"wp-image-199\" srcset=\"https:\/\/rotasturisticas.jundiai.sp.gov.br\/culturanegra\/wp-content\/uploads\/sites\/11\/2025\/03\/complexo_fepasa-1-1.jpg 1280w, https:\/\/rotasturisticas.jundiai.sp.gov.br\/culturanegra\/wp-content\/uploads\/sites\/11\/2025\/03\/complexo_fepasa-1-1-768x512.jpg 768w\" sizes=\"auto, (max-width: 1280px) 100vw, 1280px\" \/><\/figure>\n\n\n\n<figure class=\"wp-block-image size-full\"><img loading=\"lazy\" decoding=\"async\" width=\"1280\" height=\"853\" data-id=\"201\" src=\"https:\/\/rotasturisticas.jundiai.sp.gov.br\/afro\/wp-content\/uploads\/sites\/11\/2025\/03\/Novo_Telhado_Estacionamento_Expressa_Personagens_PA-25-1.jpg\" alt=\"\" class=\"wp-image-201\" srcset=\"https:\/\/rotasturisticas.jundiai.sp.gov.br\/culturanegra\/wp-content\/uploads\/sites\/11\/2025\/03\/Novo_Telhado_Estacionamento_Expressa_Personagens_PA-25-1.jpg 1280w, https:\/\/rotasturisticas.jundiai.sp.gov.br\/culturanegra\/wp-content\/uploads\/sites\/11\/2025\/03\/Novo_Telhado_Estacionamento_Expressa_Personagens_PA-25-1-768x512.jpg 768w\" sizes=\"auto, (max-width: 1280px) 100vw, 1280px\" \/><\/figure>\n\n\n\n<figure class=\"wp-block-image size-full\"><img loading=\"lazy\" decoding=\"async\" width=\"1200\" height=\"800\" data-id=\"197\" src=\"https:\/\/rotasturisticas.jundiai.sp.gov.br\/afro\/wp-content\/uploads\/sites\/11\/2025\/03\/Lancamento_Rota_Da_Cerveja-103-1200x800-1.jpg\" alt=\"\" class=\"wp-image-197\" srcset=\"https:\/\/rotasturisticas.jundiai.sp.gov.br\/culturanegra\/wp-content\/uploads\/sites\/11\/2025\/03\/Lancamento_Rota_Da_Cerveja-103-1200x800-1.jpg 1200w, https:\/\/rotasturisticas.jundiai.sp.gov.br\/culturanegra\/wp-content\/uploads\/sites\/11\/2025\/03\/Lancamento_Rota_Da_Cerveja-103-1200x800-1-768x512.jpg 768w\" sizes=\"auto, (max-width: 1200px) 100vw, 1200px\" \/><\/figure>\n\n\n\n<figure class=\"wp-block-image size-full\"><img loading=\"lazy\" decoding=\"async\" width=\"1280\" height=\"853\" data-id=\"200\" src=\"https:\/\/rotasturisticas.jundiai.sp.gov.br\/afro\/wp-content\/uploads\/sites\/11\/2025\/03\/Fachada-Expressa_fm_-5-1.jpg\" alt=\"\" class=\"wp-image-200\" srcset=\"https:\/\/rotasturisticas.jundiai.sp.gov.br\/culturanegra\/wp-content\/uploads\/sites\/11\/2025\/03\/Fachada-Expressa_fm_-5-1.jpg 1280w, https:\/\/rotasturisticas.jundiai.sp.gov.br\/culturanegra\/wp-content\/uploads\/sites\/11\/2025\/03\/Fachada-Expressa_fm_-5-1-768x512.jpg 768w\" sizes=\"auto, (max-width: 1280px) 100vw, 1280px\" \/><\/figure>\n\n\n\n<figure class=\"wp-block-image size-full\"><img loading=\"lazy\" decoding=\"async\" width=\"1280\" height=\"853\" data-id=\"202\" src=\"https:\/\/rotasturisticas.jundiai.sp.gov.br\/afro\/wp-content\/uploads\/sites\/11\/2025\/03\/Expressa-Sala-Santos-Jundiai_fm_-1-1.jpg\" alt=\"\" class=\"wp-image-202\" srcset=\"https:\/\/rotasturisticas.jundiai.sp.gov.br\/culturanegra\/wp-content\/uploads\/sites\/11\/2025\/03\/Expressa-Sala-Santos-Jundiai_fm_-1-1.jpg 1280w, https:\/\/rotasturisticas.jundiai.sp.gov.br\/culturanegra\/wp-content\/uploads\/sites\/11\/2025\/03\/Expressa-Sala-Santos-Jundiai_fm_-1-1-768x512.jpg 768w\" sizes=\"auto, (max-width: 1280px) 100vw, 1280px\" \/><\/figure>\n<\/figure>\n","protected":false},"excerpt":{"rendered":"<p>Inaugurada em 1872, a Companhia Paulista de Estradas de Ferro estabeleceu-se na cidade de Jundia\u00ed em 1890, onde abrigou as oficinas de locomotivas da empresa. Com o objetivo de escoar a produ\u00e7\u00e3o cafeeira do interior paulista para exporta\u00e7\u00e3o, os trilhos da Companhia Paulista convergiam para Jundia\u00ed, onde j\u00e1 estava instalada, desde 1867, a The S\u00e3o [&hellip;]<\/p>\n","protected":false},"author":16,"featured_media":0,"parent":10,"menu_order":0,"comment_status":"closed","ping_status":"closed","template":"page-local.php","meta":{"footnotes":""},"class_list":["post-96","page","type-page","status-publish","hentry"],"_links":{"self":[{"href":"https:\/\/rotasturisticas.jundiai.sp.gov.br\/culturanegra\/wp-json\/wp\/v2\/pages\/96","targetHints":{"allow":["GET"]}}],"collection":[{"href":"https:\/\/rotasturisticas.jundiai.sp.gov.br\/culturanegra\/wp-json\/wp\/v2\/pages"}],"about":[{"href":"https:\/\/rotasturisticas.jundiai.sp.gov.br\/culturanegra\/wp-json\/wp\/v2\/types\/page"}],"author":[{"embeddable":true,"href":"https:\/\/rotasturisticas.jundiai.sp.gov.br\/culturanegra\/wp-json\/wp\/v2\/users\/16"}],"replies":[{"embeddable":true,"href":"https:\/\/rotasturisticas.jundiai.sp.gov.br\/culturanegra\/wp-json\/wp\/v2\/comments?post=96"}],"version-history":[{"count":4,"href":"https:\/\/rotasturisticas.jundiai.sp.gov.br\/culturanegra\/wp-json\/wp\/v2\/pages\/96\/revisions"}],"predecessor-version":[{"id":203,"href":"https:\/\/rotasturisticas.jundiai.sp.gov.br\/culturanegra\/wp-json\/wp\/v2\/pages\/96\/revisions\/203"}],"up":[{"embeddable":true,"href":"https:\/\/rotasturisticas.jundiai.sp.gov.br\/culturanegra\/wp-json\/wp\/v2\/pages\/10"}],"wp:attachment":[{"href":"https:\/\/rotasturisticas.jundiai.sp.gov.br\/culturanegra\/wp-json\/wp\/v2\/media?parent=96"}],"curies":[{"name":"wp","href":"https:\/\/api.w.org\/{rel}","templated":true}]}}