{"id":399,"date":"2025-07-07T15:21:58","date_gmt":"2025-07-07T18:21:58","guid":{"rendered":"https:\/\/rotasturisticas.jundiai.sp.gov.br\/afro\/?page_id=399"},"modified":"2025-07-07T15:21:58","modified_gmt":"2025-07-07T18:21:58","slug":"obsidiana","status":"publish","type":"page","link":"https:\/\/rotasturisticas.jundiai.sp.gov.br\/culturanegra\/empreendedores\/obsidiana\/","title":{"rendered":"Obsidiana"},"content":{"rendered":"\n<p>Desde 2012, transformo fios e metais em arte com alma. Meu trabalho artesanal nasceu do desejo de explorar o mundo \u2014 foi a vontade de viajar, conhecer novas culturas e paisagens que me levou ao macram\u00ea e ao uso criativo de metais como a\u00e7o e cobre. Cada pe\u00e7a que crio carrega um pouco dessa jornada: liberdade, movimento e conex\u00e3o com o que \u00e9 feito \u00e0 m\u00e3o, com tempo e inten\u00e7\u00e3o.<\/p>\n\n\n\n<p>Minhas cria\u00e7\u00f5es unem t\u00e9cnicas ancestrais a um estilo autoral, trazendo \u00e0 tona a beleza dos materiais e o valor do feito com cuidado. Ideal para quem busca pe\u00e7as \u00fanicas, com hist\u00f3ria e personalidade.<\/p>\n\n\n\n<figure class=\"wp-block-gallery has-nested-images columns-default is-cropped wp-block-gallery-1 is-layout-flex wp-block-gallery-is-layout-flex\">\n<figure class=\"wp-block-image size-large\"><img loading=\"lazy\" decoding=\"async\" width=\"1280\" height=\"851\" data-id=\"403\" src=\"https:\/\/rotasturisticas.jundiai.sp.gov.br\/afro\/wp-content\/uploads\/sites\/11\/2025\/07\/DSC_0301-Vanessa-medronha.jpg\" alt=\"\" class=\"wp-image-403\" srcset=\"https:\/\/rotasturisticas.jundiai.sp.gov.br\/culturanegra\/wp-content\/uploads\/sites\/11\/2025\/07\/DSC_0301-Vanessa-medronha.jpg 1280w, https:\/\/rotasturisticas.jundiai.sp.gov.br\/culturanegra\/wp-content\/uploads\/sites\/11\/2025\/07\/DSC_0301-Vanessa-medronha-768x511.jpg 768w\" sizes=\"auto, (max-width: 1280px) 100vw, 1280px\" \/><\/figure>\n\n\n\n<figure class=\"wp-block-image size-large\"><img loading=\"lazy\" decoding=\"async\" width=\"1280\" height=\"851\" data-id=\"402\" src=\"https:\/\/rotasturisticas.jundiai.sp.gov.br\/afro\/wp-content\/uploads\/sites\/11\/2025\/07\/DSC_1409-Vanessa-medronha.jpg\" alt=\"\" class=\"wp-image-402\" srcset=\"https:\/\/rotasturisticas.jundiai.sp.gov.br\/culturanegra\/wp-content\/uploads\/sites\/11\/2025\/07\/DSC_1409-Vanessa-medronha.jpg 1280w, https:\/\/rotasturisticas.jundiai.sp.gov.br\/culturanegra\/wp-content\/uploads\/sites\/11\/2025\/07\/DSC_1409-Vanessa-medronha-768x511.jpg 768w\" sizes=\"auto, (max-width: 1280px) 100vw, 1280px\" \/><\/figure>\n\n\n\n<figure class=\"wp-block-image size-large\"><img loading=\"lazy\" decoding=\"async\" width=\"1267\" height=\"950\" data-id=\"404\" src=\"https:\/\/rotasturisticas.jundiai.sp.gov.br\/afro\/wp-content\/uploads\/sites\/11\/2025\/07\/DSC03735-Vanessa-medronha-1267x950.jpg\" alt=\"\" class=\"wp-image-404\" srcset=\"https:\/\/rotasturisticas.jundiai.sp.gov.br\/culturanegra\/wp-content\/uploads\/sites\/11\/2025\/07\/DSC03735-Vanessa-medronha-1267x950.jpg 1267w, https:\/\/rotasturisticas.jundiai.sp.gov.br\/culturanegra\/wp-content\/uploads\/sites\/11\/2025\/07\/DSC03735-Vanessa-medronha-300x225.jpg 300w, https:\/\/rotasturisticas.jundiai.sp.gov.br\/culturanegra\/wp-content\/uploads\/sites\/11\/2025\/07\/DSC03735-Vanessa-medronha-768x576.jpg 768w, https:\/\/rotasturisticas.jundiai.sp.gov.br\/culturanegra\/wp-content\/uploads\/sites\/11\/2025\/07\/DSC03735-Vanessa-medronha.jpg 1280w\" sizes=\"auto, (max-width: 1267px) 100vw, 1267px\" \/><\/figure>\n\n\n\n<figure class=\"wp-block-image size-large\"><img loading=\"lazy\" decoding=\"async\" width=\"1267\" height=\"950\" data-id=\"405\" src=\"https:\/\/rotasturisticas.jundiai.sp.gov.br\/afro\/wp-content\/uploads\/sites\/11\/2025\/07\/DSC03743-Vanessa-medronha-1267x950.jpg\" alt=\"\" class=\"wp-image-405\" srcset=\"https:\/\/rotasturisticas.jundiai.sp.gov.br\/culturanegra\/wp-content\/uploads\/sites\/11\/2025\/07\/DSC03743-Vanessa-medronha-1267x950.jpg 1267w, https:\/\/rotasturisticas.jundiai.sp.gov.br\/culturanegra\/wp-content\/uploads\/sites\/11\/2025\/07\/DSC03743-Vanessa-medronha-300x225.jpg 300w, https:\/\/rotasturisticas.jundiai.sp.gov.br\/culturanegra\/wp-content\/uploads\/sites\/11\/2025\/07\/DSC03743-Vanessa-medronha-768x576.jpg 768w, https:\/\/rotasturisticas.jundiai.sp.gov.br\/culturanegra\/wp-content\/uploads\/sites\/11\/2025\/07\/DSC03743-Vanessa-medronha.jpg 1280w\" sizes=\"auto, (max-width: 1267px) 100vw, 1267px\" \/><\/figure>\n\n\n\n<figure class=\"wp-block-image size-large\"><img loading=\"lazy\" decoding=\"async\" width=\"1267\" height=\"950\" data-id=\"408\" src=\"https:\/\/rotasturisticas.jundiai.sp.gov.br\/afro\/wp-content\/uploads\/sites\/11\/2025\/07\/DSC04471-Vanessa-medronha-1267x950.jpg\" alt=\"\" class=\"wp-image-408\" srcset=\"https:\/\/rotasturisticas.jundiai.sp.gov.br\/culturanegra\/wp-content\/uploads\/sites\/11\/2025\/07\/DSC04471-Vanessa-medronha-1267x950.jpg 1267w, https:\/\/rotasturisticas.jundiai.sp.gov.br\/culturanegra\/wp-content\/uploads\/sites\/11\/2025\/07\/DSC04471-Vanessa-medronha-300x225.jpg 300w, https:\/\/rotasturisticas.jundiai.sp.gov.br\/culturanegra\/wp-content\/uploads\/sites\/11\/2025\/07\/DSC04471-Vanessa-medronha-768x576.jpg 768w, https:\/\/rotasturisticas.jundiai.sp.gov.br\/culturanegra\/wp-content\/uploads\/sites\/11\/2025\/07\/DSC04471-Vanessa-medronha.jpg 1280w\" sizes=\"auto, (max-width: 1267px) 100vw, 1267px\" \/><\/figure>\n\n\n\n<figure class=\"wp-block-image size-large\"><img loading=\"lazy\" decoding=\"async\" width=\"1267\" height=\"950\" data-id=\"407\" src=\"https:\/\/rotasturisticas.jundiai.sp.gov.br\/afro\/wp-content\/uploads\/sites\/11\/2025\/07\/DSC04517-Vanessa-medronha-1267x950.jpg\" alt=\"\" class=\"wp-image-407\" srcset=\"https:\/\/rotasturisticas.jundiai.sp.gov.br\/culturanegra\/wp-content\/uploads\/sites\/11\/2025\/07\/DSC04517-Vanessa-medronha-1267x950.jpg 1267w, https:\/\/rotasturisticas.jundiai.sp.gov.br\/culturanegra\/wp-content\/uploads\/sites\/11\/2025\/07\/DSC04517-Vanessa-medronha-300x225.jpg 300w, https:\/\/rotasturisticas.jundiai.sp.gov.br\/culturanegra\/wp-content\/uploads\/sites\/11\/2025\/07\/DSC04517-Vanessa-medronha-768x576.jpg 768w, https:\/\/rotasturisticas.jundiai.sp.gov.br\/culturanegra\/wp-content\/uploads\/sites\/11\/2025\/07\/DSC04517-Vanessa-medronha.jpg 1280w\" sizes=\"auto, (max-width: 1267px) 100vw, 1267px\" \/><\/figure>\n\n\n\n<figure class=\"wp-block-image size-large\"><img loading=\"lazy\" decoding=\"async\" width=\"1267\" height=\"950\" data-id=\"406\" src=\"https:\/\/rotasturisticas.jundiai.sp.gov.br\/afro\/wp-content\/uploads\/sites\/11\/2025\/07\/DSC04644-Vanessa-medronha-1267x950.jpg\" alt=\"\" class=\"wp-image-406\" srcset=\"https:\/\/rotasturisticas.jundiai.sp.gov.br\/culturanegra\/wp-content\/uploads\/sites\/11\/2025\/07\/DSC04644-Vanessa-medronha-1267x950.jpg 1267w, https:\/\/rotasturisticas.jundiai.sp.gov.br\/culturanegra\/wp-content\/uploads\/sites\/11\/2025\/07\/DSC04644-Vanessa-medronha-300x225.jpg 300w, https:\/\/rotasturisticas.jundiai.sp.gov.br\/culturanegra\/wp-content\/uploads\/sites\/11\/2025\/07\/DSC04644-Vanessa-medronha-768x576.jpg 768w, https:\/\/rotasturisticas.jundiai.sp.gov.br\/culturanegra\/wp-content\/uploads\/sites\/11\/2025\/07\/DSC04644-Vanessa-medronha.jpg 1280w\" sizes=\"auto, (max-width: 1267px) 100vw, 1267px\" \/><\/figure>\n\n\n\n<figure class=\"wp-block-image size-large\"><img loading=\"lazy\" decoding=\"async\" width=\"713\" height=\"950\" data-id=\"400\" src=\"https:\/\/rotasturisticas.jundiai.sp.gov.br\/afro\/wp-content\/uploads\/sites\/11\/2025\/07\/WhatsApp-Image-2025-07-02-at-19.29.52-Vanessa-medronha-713x950.jpeg\" alt=\"\" class=\"wp-image-400\" srcset=\"https:\/\/rotasturisticas.jundiai.sp.gov.br\/culturanegra\/wp-content\/uploads\/sites\/11\/2025\/07\/WhatsApp-Image-2025-07-02-at-19.29.52-Vanessa-medronha-713x950.jpeg 713w, https:\/\/rotasturisticas.jundiai.sp.gov.br\/culturanegra\/wp-content\/uploads\/sites\/11\/2025\/07\/WhatsApp-Image-2025-07-02-at-19.29.52-Vanessa-medronha-768x1024.jpeg 768w, https:\/\/rotasturisticas.jundiai.sp.gov.br\/culturanegra\/wp-content\/uploads\/sites\/11\/2025\/07\/WhatsApp-Image-2025-07-02-at-19.29.52-Vanessa-medronha-1152x1536.jpeg 1152w, https:\/\/rotasturisticas.jundiai.sp.gov.br\/culturanegra\/wp-content\/uploads\/sites\/11\/2025\/07\/WhatsApp-Image-2025-07-02-at-19.29.52-Vanessa-medronha.jpeg 1200w\" sizes=\"auto, (max-width: 713px) 100vw, 713px\" \/><\/figure>\n\n\n\n<figure class=\"wp-block-image size-large\"><img loading=\"lazy\" decoding=\"async\" width=\"713\" height=\"950\" data-id=\"401\" src=\"https:\/\/rotasturisticas.jundiai.sp.gov.br\/afro\/wp-content\/uploads\/sites\/11\/2025\/07\/WhatsApp-Image-2025-07-02-at-19.30.52-Vanessa-medronha-713x950.jpeg\" alt=\"\" class=\"wp-image-401\" srcset=\"https:\/\/rotasturisticas.jundiai.sp.gov.br\/culturanegra\/wp-content\/uploads\/sites\/11\/2025\/07\/WhatsApp-Image-2025-07-02-at-19.30.52-Vanessa-medronha-713x950.jpeg 713w, https:\/\/rotasturisticas.jundiai.sp.gov.br\/culturanegra\/wp-content\/uploads\/sites\/11\/2025\/07\/WhatsApp-Image-2025-07-02-at-19.30.52-Vanessa-medronha-768x1024.jpeg 768w, https:\/\/rotasturisticas.jundiai.sp.gov.br\/culturanegra\/wp-content\/uploads\/sites\/11\/2025\/07\/WhatsApp-Image-2025-07-02-at-19.30.52-Vanessa-medronha-1152x1536.jpeg 1152w, https:\/\/rotasturisticas.jundiai.sp.gov.br\/culturanegra\/wp-content\/uploads\/sites\/11\/2025\/07\/WhatsApp-Image-2025-07-02-at-19.30.52-Vanessa-medronha.jpeg 1200w\" sizes=\"auto, (max-width: 713px) 100vw, 713px\" \/><\/figure>\n<\/figure>\n","protected":false},"excerpt":{"rendered":"<p>Desde 2012, transformo fios e metais em arte com alma. Meu trabalho artesanal nasceu do desejo de explorar o mundo \u2014 foi a vontade de viajar, conhecer novas culturas e paisagens que me levou ao macram\u00ea e ao uso criativo de metais como a\u00e7o e cobre. Cada pe\u00e7a que crio carrega um pouco dessa jornada: [&hellip;]<\/p>\n","protected":false},"author":23,"featured_media":0,"parent":25,"menu_order":0,"comment_status":"closed","ping_status":"closed","template":"page-local.php","meta":{"footnotes":""},"class_list":["post-399","page","type-page","status-publish","hentry"],"_links":{"self":[{"href":"https:\/\/rotasturisticas.jundiai.sp.gov.br\/culturanegra\/wp-json\/wp\/v2\/pages\/399","targetHints":{"allow":["GET"]}}],"collection":[{"href":"https:\/\/rotasturisticas.jundiai.sp.gov.br\/culturanegra\/wp-json\/wp\/v2\/pages"}],"about":[{"href":"https:\/\/rotasturisticas.jundiai.sp.gov.br\/culturanegra\/wp-json\/wp\/v2\/types\/page"}],"author":[{"embeddable":true,"href":"https:\/\/rotasturisticas.jundiai.sp.gov.br\/culturanegra\/wp-json\/wp\/v2\/users\/23"}],"replies":[{"embeddable":true,"href":"https:\/\/rotasturisticas.jundiai.sp.gov.br\/culturanegra\/wp-json\/wp\/v2\/comments?post=399"}],"version-history":[{"count":1,"href":"https:\/\/rotasturisticas.jundiai.sp.gov.br\/culturanegra\/wp-json\/wp\/v2\/pages\/399\/revisions"}],"predecessor-version":[{"id":409,"href":"https:\/\/rotasturisticas.jundiai.sp.gov.br\/culturanegra\/wp-json\/wp\/v2\/pages\/399\/revisions\/409"}],"up":[{"embeddable":true,"href":"https:\/\/rotasturisticas.jundiai.sp.gov.br\/culturanegra\/wp-json\/wp\/v2\/pages\/25"}],"wp:attachment":[{"href":"https:\/\/rotasturisticas.jundiai.sp.gov.br\/culturanegra\/wp-json\/wp\/v2\/media?parent=399"}],"curies":[{"name":"wp","href":"https:\/\/api.w.org\/{rel}","templated":true}]}}