{"id":36,"date":"2025-03-25T09:37:07","date_gmt":"2025-03-25T12:37:07","guid":{"rendered":"https:\/\/rotasturisticas.jundiai.sp.gov.br\/afro\/?page_id=36"},"modified":"2025-03-27T09:12:35","modified_gmt":"2025-03-27T12:12:35","slug":"emilio-doces-artesanais","status":"publish","type":"page","link":"https:\/\/rotasturisticas.jundiai.sp.gov.br\/culturanegra\/empreendedores\/emilio-doces-artesanais\/","title":{"rendered":"Em\u00edlio Doces Artesanais"},"content":{"rendered":"\n<p>Doces caseiros feitos com muito amor e carinho. Tradi\u00e7\u00e3o na fam\u00edlia que passou de V\u00f3, para filha e agora Neto. Deguste essa experi\u00eancia incr\u00edvel da culin\u00e1ria afetiva!<\/p>\n\n\n\n<figure class=\"wp-block-gallery has-nested-images columns-default is-cropped wp-block-gallery-1 is-layout-flex wp-block-gallery-is-layout-flex\">\n<figure class=\"wp-block-image size-large\"><img loading=\"lazy\" decoding=\"async\" width=\"714\" height=\"950\" data-id=\"46\" src=\"https:\/\/rotasturisticas.jundiai.sp.gov.br\/afro\/wp-content\/uploads\/sites\/11\/2025\/03\/475142902_3691118834367898_5487330689974573223_n-714x950.jpg\" alt=\"\" class=\"wp-image-46\" srcset=\"https:\/\/rotasturisticas.jundiai.sp.gov.br\/culturanegra\/wp-content\/uploads\/sites\/11\/2025\/03\/475142902_3691118834367898_5487330689974573223_n-714x950.jpg 714w, https:\/\/rotasturisticas.jundiai.sp.gov.br\/culturanegra\/wp-content\/uploads\/sites\/11\/2025\/03\/475142902_3691118834367898_5487330689974573223_n-768x1022.jpg 768w, https:\/\/rotasturisticas.jundiai.sp.gov.br\/culturanegra\/wp-content\/uploads\/sites\/11\/2025\/03\/475142902_3691118834367898_5487330689974573223_n-1154x1536.jpg 1154w, https:\/\/rotasturisticas.jundiai.sp.gov.br\/culturanegra\/wp-content\/uploads\/sites\/11\/2025\/03\/475142902_3691118834367898_5487330689974573223_n.jpg 1280w\" sizes=\"auto, (max-width: 714px) 100vw, 714px\" \/><\/figure>\n\n\n\n<figure class=\"wp-block-image size-large\"><img loading=\"lazy\" decoding=\"async\" width=\"950\" height=\"950\" data-id=\"44\" src=\"https:\/\/rotasturisticas.jundiai.sp.gov.br\/afro\/wp-content\/uploads\/sites\/11\/2025\/03\/458635728_3534341126712337_6789473492401049714_n-1-950x950.jpg\" alt=\"\" class=\"wp-image-44\" srcset=\"https:\/\/rotasturisticas.jundiai.sp.gov.br\/culturanegra\/wp-content\/uploads\/sites\/11\/2025\/03\/458635728_3534341126712337_6789473492401049714_n-1-950x950.jpg 950w, https:\/\/rotasturisticas.jundiai.sp.gov.br\/culturanegra\/wp-content\/uploads\/sites\/11\/2025\/03\/458635728_3534341126712337_6789473492401049714_n-1-100x100.jpg 100w, https:\/\/rotasturisticas.jundiai.sp.gov.br\/culturanegra\/wp-content\/uploads\/sites\/11\/2025\/03\/458635728_3534341126712337_6789473492401049714_n-1-768x768.jpg 768w, https:\/\/rotasturisticas.jundiai.sp.gov.br\/culturanegra\/wp-content\/uploads\/sites\/11\/2025\/03\/458635728_3534341126712337_6789473492401049714_n-1.jpg 1080w\" sizes=\"auto, (max-width: 950px) 100vw, 950px\" \/><\/figure>\n\n\n\n<figure class=\"wp-block-image size-full\"><img loading=\"lazy\" decoding=\"async\" width=\"1280\" height=\"720\" data-id=\"45\" src=\"https:\/\/rotasturisticas.jundiai.sp.gov.br\/afro\/wp-content\/uploads\/sites\/11\/2025\/03\/458707056_3534214113391705_1305659976418646950_n.jpg\" alt=\"\" class=\"wp-image-45\" srcset=\"https:\/\/rotasturisticas.jundiai.sp.gov.br\/culturanegra\/wp-content\/uploads\/sites\/11\/2025\/03\/458707056_3534214113391705_1305659976418646950_n.jpg 1280w, https:\/\/rotasturisticas.jundiai.sp.gov.br\/culturanegra\/wp-content\/uploads\/sites\/11\/2025\/03\/458707056_3534214113391705_1305659976418646950_n-768x432.jpg 768w\" sizes=\"auto, (max-width: 1280px) 100vw, 1280px\" \/><\/figure>\n\n\n\n<figure class=\"wp-block-image size-large\"><img loading=\"lazy\" decoding=\"async\" width=\"714\" height=\"950\" data-id=\"47\" src=\"https:\/\/rotasturisticas.jundiai.sp.gov.br\/afro\/wp-content\/uploads\/sites\/11\/2025\/03\/470059146_3649296155216833_8228172342318935775_n-2-714x950.jpg\" alt=\"\" class=\"wp-image-47\" srcset=\"https:\/\/rotasturisticas.jundiai.sp.gov.br\/culturanegra\/wp-content\/uploads\/sites\/11\/2025\/03\/470059146_3649296155216833_8228172342318935775_n-2-714x950.jpg 714w, https:\/\/rotasturisticas.jundiai.sp.gov.br\/culturanegra\/wp-content\/uploads\/sites\/11\/2025\/03\/470059146_3649296155216833_8228172342318935775_n-2-768x1022.jpg 768w, https:\/\/rotasturisticas.jundiai.sp.gov.br\/culturanegra\/wp-content\/uploads\/sites\/11\/2025\/03\/470059146_3649296155216833_8228172342318935775_n-2-1154x1536.jpg 1154w, https:\/\/rotasturisticas.jundiai.sp.gov.br\/culturanegra\/wp-content\/uploads\/sites\/11\/2025\/03\/470059146_3649296155216833_8228172342318935775_n-2.jpg 1280w\" sizes=\"auto, (max-width: 714px) 100vw, 714px\" \/><\/figure>\n<\/figure>\n","protected":false},"excerpt":{"rendered":"<p>Doces caseiros feitos com muito amor e carinho. Tradi\u00e7\u00e3o na fam\u00edlia que passou de V\u00f3, para filha e agora Neto. Deguste essa experi\u00eancia incr\u00edvel da culin\u00e1ria afetiva!<\/p>\n","protected":false},"author":16,"featured_media":44,"parent":25,"menu_order":0,"comment_status":"closed","ping_status":"closed","template":"page-local.php","meta":{"footnotes":""},"class_list":["post-36","page","type-page","status-publish","has-post-thumbnail","hentry"],"_links":{"self":[{"href":"https:\/\/rotasturisticas.jundiai.sp.gov.br\/culturanegra\/wp-json\/wp\/v2\/pages\/36","targetHints":{"allow":["GET"]}}],"collection":[{"href":"https:\/\/rotasturisticas.jundiai.sp.gov.br\/culturanegra\/wp-json\/wp\/v2\/pages"}],"about":[{"href":"https:\/\/rotasturisticas.jundiai.sp.gov.br\/culturanegra\/wp-json\/wp\/v2\/types\/page"}],"author":[{"embeddable":true,"href":"https:\/\/rotasturisticas.jundiai.sp.gov.br\/culturanegra\/wp-json\/wp\/v2\/users\/16"}],"replies":[{"embeddable":true,"href":"https:\/\/rotasturisticas.jundiai.sp.gov.br\/culturanegra\/wp-json\/wp\/v2\/comments?post=36"}],"version-history":[{"count":5,"href":"https:\/\/rotasturisticas.jundiai.sp.gov.br\/culturanegra\/wp-json\/wp\/v2\/pages\/36\/revisions"}],"predecessor-version":[{"id":49,"href":"https:\/\/rotasturisticas.jundiai.sp.gov.br\/culturanegra\/wp-json\/wp\/v2\/pages\/36\/revisions\/49"}],"up":[{"embeddable":true,"href":"https:\/\/rotasturisticas.jundiai.sp.gov.br\/culturanegra\/wp-json\/wp\/v2\/pages\/25"}],"wp:featuredmedia":[{"embeddable":true,"href":"https:\/\/rotasturisticas.jundiai.sp.gov.br\/culturanegra\/wp-json\/wp\/v2\/media\/44"}],"wp:attachment":[{"href":"https:\/\/rotasturisticas.jundiai.sp.gov.br\/culturanegra\/wp-json\/wp\/v2\/media?parent=36"}],"curies":[{"name":"wp","href":"https:\/\/api.w.org\/{rel}","templated":true}]}}