{"id":354,"date":"2025-07-07T10:19:40","date_gmt":"2025-07-07T13:19:40","guid":{"rendered":"https:\/\/rotasturisticas.jundiai.sp.gov.br\/afro\/?page_id=354"},"modified":"2025-07-07T10:19:41","modified_gmt":"2025-07-07T13:19:41","slug":"jelson-santos","status":"publish","type":"page","link":"https:\/\/rotasturisticas.jundiai.sp.gov.br\/culturanegra\/empreendedores\/jelson-santos\/","title":{"rendered":"Jelson Santos"},"content":{"rendered":"\n<p>H\u00e1 mais de 10 anos, Jelson Santos transforma materiais simples em joias \u00fanicas, feitas \u00e0 m\u00e3o com dedica\u00e7\u00e3o e criatividade. Como artes\u00e3o especializado em acess\u00f3rios, ele domina a arte de criar colares, pulseiras, brincos e an\u00e9is, utilizando arames, linhas, couros e outros materiais que d\u00e3o vida a pe\u00e7as exclusivas.<\/p>\n\n\n\n<p>Cada joia \u00e9 o reflexo de sua experi\u00eancia e paix\u00e3o pelo artesanato, unindo t\u00e9cnicas refinadas com um olhar inovador. Seu trabalho n\u00e3o \u00e9 apenas sobre acess\u00f3rios, mas sobre contar hist\u00f3rias atrav\u00e9s de cada detalhe, proporcionando beleza e autenticidade para quem usa suas cria\u00e7\u00f5es.<\/p>\n\n\n\n<p>Com uma d\u00e9cada de trajet\u00f3ria, Jelson continua a aprimorar sua arte, sempre buscando novas inspira\u00e7\u00f5es para levar ao mundo pe\u00e7as feitas com alma e personalidade.<\/p>\n\n\n\n<figure class=\"wp-block-gallery has-nested-images columns-default is-cropped wp-block-gallery-1 is-layout-flex wp-block-gallery-is-layout-flex\">\n<figure class=\"wp-block-image size-large\"><img loading=\"lazy\" decoding=\"async\" width=\"713\" height=\"950\" data-id=\"356\" src=\"https:\/\/rotasturisticas.jundiai.sp.gov.br\/afro\/wp-content\/uploads\/sites\/11\/2025\/07\/WhatsApp-Image-2025-07-04-at-16.26.03-713x950.jpeg\" alt=\"\" class=\"wp-image-356\" srcset=\"https:\/\/rotasturisticas.jundiai.sp.gov.br\/culturanegra\/wp-content\/uploads\/sites\/11\/2025\/07\/WhatsApp-Image-2025-07-04-at-16.26.03-713x950.jpeg 713w, https:\/\/rotasturisticas.jundiai.sp.gov.br\/culturanegra\/wp-content\/uploads\/sites\/11\/2025\/07\/WhatsApp-Image-2025-07-04-at-16.26.03-768x1024.jpeg 768w, https:\/\/rotasturisticas.jundiai.sp.gov.br\/culturanegra\/wp-content\/uploads\/sites\/11\/2025\/07\/WhatsApp-Image-2025-07-04-at-16.26.03-1152x1536.jpeg 1152w, https:\/\/rotasturisticas.jundiai.sp.gov.br\/culturanegra\/wp-content\/uploads\/sites\/11\/2025\/07\/WhatsApp-Image-2025-07-04-at-16.26.03.jpeg 1200w\" sizes=\"auto, (max-width: 713px) 100vw, 713px\" \/><\/figure>\n\n\n\n<figure class=\"wp-block-image size-large\"><img loading=\"lazy\" decoding=\"async\" width=\"713\" height=\"950\" data-id=\"355\" src=\"https:\/\/rotasturisticas.jundiai.sp.gov.br\/afro\/wp-content\/uploads\/sites\/11\/2025\/07\/WhatsApp-Image-2025-07-04-at-16.26.04-1-713x950.jpeg\" alt=\"\" class=\"wp-image-355\" srcset=\"https:\/\/rotasturisticas.jundiai.sp.gov.br\/culturanegra\/wp-content\/uploads\/sites\/11\/2025\/07\/WhatsApp-Image-2025-07-04-at-16.26.04-1-713x950.jpeg 713w, https:\/\/rotasturisticas.jundiai.sp.gov.br\/culturanegra\/wp-content\/uploads\/sites\/11\/2025\/07\/WhatsApp-Image-2025-07-04-at-16.26.04-1-768x1024.jpeg 768w, https:\/\/rotasturisticas.jundiai.sp.gov.br\/culturanegra\/wp-content\/uploads\/sites\/11\/2025\/07\/WhatsApp-Image-2025-07-04-at-16.26.04-1-1152x1536.jpeg 1152w, https:\/\/rotasturisticas.jundiai.sp.gov.br\/culturanegra\/wp-content\/uploads\/sites\/11\/2025\/07\/WhatsApp-Image-2025-07-04-at-16.26.04-1.jpeg 1200w\" sizes=\"auto, (max-width: 713px) 100vw, 713px\" \/><\/figure>\n\n\n\n<figure class=\"wp-block-image size-large\"><img loading=\"lazy\" decoding=\"async\" width=\"760\" height=\"950\" data-id=\"358\" src=\"https:\/\/rotasturisticas.jundiai.sp.gov.br\/afro\/wp-content\/uploads\/sites\/11\/2025\/07\/WhatsApp-Image-2025-07-04-at-16.26.04-2-760x950.jpeg\" alt=\"\" class=\"wp-image-358\" srcset=\"https:\/\/rotasturisticas.jundiai.sp.gov.br\/culturanegra\/wp-content\/uploads\/sites\/11\/2025\/07\/WhatsApp-Image-2025-07-04-at-16.26.04-2-760x950.jpeg 760w, https:\/\/rotasturisticas.jundiai.sp.gov.br\/culturanegra\/wp-content\/uploads\/sites\/11\/2025\/07\/WhatsApp-Image-2025-07-04-at-16.26.04-2-768x960.jpeg 768w, https:\/\/rotasturisticas.jundiai.sp.gov.br\/culturanegra\/wp-content\/uploads\/sites\/11\/2025\/07\/WhatsApp-Image-2025-07-04-at-16.26.04-2-1229x1536.jpeg 1229w, https:\/\/rotasturisticas.jundiai.sp.gov.br\/culturanegra\/wp-content\/uploads\/sites\/11\/2025\/07\/WhatsApp-Image-2025-07-04-at-16.26.04-2.jpeg 1280w\" sizes=\"auto, (max-width: 760px) 100vw, 760px\" \/><\/figure>\n\n\n\n<figure class=\"wp-block-image size-large\"><img loading=\"lazy\" decoding=\"async\" width=\"713\" height=\"950\" data-id=\"357\" src=\"https:\/\/rotasturisticas.jundiai.sp.gov.br\/afro\/wp-content\/uploads\/sites\/11\/2025\/07\/WhatsApp-Image-2025-07-04-at-16.26.04-713x950.jpeg\" alt=\"\" class=\"wp-image-357\" srcset=\"https:\/\/rotasturisticas.jundiai.sp.gov.br\/culturanegra\/wp-content\/uploads\/sites\/11\/2025\/07\/WhatsApp-Image-2025-07-04-at-16.26.04-713x950.jpeg 713w, https:\/\/rotasturisticas.jundiai.sp.gov.br\/culturanegra\/wp-content\/uploads\/sites\/11\/2025\/07\/WhatsApp-Image-2025-07-04-at-16.26.04-768x1024.jpeg 768w, https:\/\/rotasturisticas.jundiai.sp.gov.br\/culturanegra\/wp-content\/uploads\/sites\/11\/2025\/07\/WhatsApp-Image-2025-07-04-at-16.26.04-1152x1536.jpeg 1152w, https:\/\/rotasturisticas.jundiai.sp.gov.br\/culturanegra\/wp-content\/uploads\/sites\/11\/2025\/07\/WhatsApp-Image-2025-07-04-at-16.26.04.jpeg 1200w\" sizes=\"auto, (max-width: 713px) 100vw, 713px\" \/><\/figure>\n\n\n\n<figure class=\"wp-block-image size-large\"><img loading=\"lazy\" decoding=\"async\" width=\"950\" height=\"950\" data-id=\"361\" src=\"https:\/\/rotasturisticas.jundiai.sp.gov.br\/afro\/wp-content\/uploads\/sites\/11\/2025\/07\/WhatsApp-Image-2025-07-04-at-16.26.05-1-950x950.jpeg\" alt=\"\" class=\"wp-image-361\" srcset=\"https:\/\/rotasturisticas.jundiai.sp.gov.br\/culturanegra\/wp-content\/uploads\/sites\/11\/2025\/07\/WhatsApp-Image-2025-07-04-at-16.26.05-1-950x950.jpeg 950w, https:\/\/rotasturisticas.jundiai.sp.gov.br\/culturanegra\/wp-content\/uploads\/sites\/11\/2025\/07\/WhatsApp-Image-2025-07-04-at-16.26.05-1-100x100.jpeg 100w, https:\/\/rotasturisticas.jundiai.sp.gov.br\/culturanegra\/wp-content\/uploads\/sites\/11\/2025\/07\/WhatsApp-Image-2025-07-04-at-16.26.05-1-768x768.jpeg 768w, https:\/\/rotasturisticas.jundiai.sp.gov.br\/culturanegra\/wp-content\/uploads\/sites\/11\/2025\/07\/WhatsApp-Image-2025-07-04-at-16.26.05-1.jpeg 1440w\" sizes=\"auto, (max-width: 950px) 100vw, 950px\" \/><\/figure>\n\n\n\n<figure class=\"wp-block-image size-large\"><img loading=\"lazy\" decoding=\"async\" width=\"713\" height=\"950\" data-id=\"359\" src=\"https:\/\/rotasturisticas.jundiai.sp.gov.br\/afro\/wp-content\/uploads\/sites\/11\/2025\/07\/WhatsApp-Image-2025-07-04-at-16.26.05-2-713x950.jpeg\" alt=\"\" class=\"wp-image-359\" srcset=\"https:\/\/rotasturisticas.jundiai.sp.gov.br\/culturanegra\/wp-content\/uploads\/sites\/11\/2025\/07\/WhatsApp-Image-2025-07-04-at-16.26.05-2-713x950.jpeg 713w, https:\/\/rotasturisticas.jundiai.sp.gov.br\/culturanegra\/wp-content\/uploads\/sites\/11\/2025\/07\/WhatsApp-Image-2025-07-04-at-16.26.05-2-768x1024.jpeg 768w, https:\/\/rotasturisticas.jundiai.sp.gov.br\/culturanegra\/wp-content\/uploads\/sites\/11\/2025\/07\/WhatsApp-Image-2025-07-04-at-16.26.05-2-1152x1536.jpeg 1152w, https:\/\/rotasturisticas.jundiai.sp.gov.br\/culturanegra\/wp-content\/uploads\/sites\/11\/2025\/07\/WhatsApp-Image-2025-07-04-at-16.26.05-2.jpeg 1200w\" sizes=\"auto, (max-width: 713px) 100vw, 713px\" \/><\/figure>\n\n\n\n<figure class=\"wp-block-image size-large\"><img loading=\"lazy\" decoding=\"async\" width=\"950\" height=\"950\" data-id=\"362\" src=\"https:\/\/rotasturisticas.jundiai.sp.gov.br\/afro\/wp-content\/uploads\/sites\/11\/2025\/07\/WhatsApp-Image-2025-07-04-at-16.26.05-950x950.jpeg\" alt=\"\" class=\"wp-image-362\" srcset=\"https:\/\/rotasturisticas.jundiai.sp.gov.br\/culturanegra\/wp-content\/uploads\/sites\/11\/2025\/07\/WhatsApp-Image-2025-07-04-at-16.26.05-950x950.jpeg 950w, https:\/\/rotasturisticas.jundiai.sp.gov.br\/culturanegra\/wp-content\/uploads\/sites\/11\/2025\/07\/WhatsApp-Image-2025-07-04-at-16.26.05-100x100.jpeg 100w, https:\/\/rotasturisticas.jundiai.sp.gov.br\/culturanegra\/wp-content\/uploads\/sites\/11\/2025\/07\/WhatsApp-Image-2025-07-04-at-16.26.05-768x768.jpeg 768w, https:\/\/rotasturisticas.jundiai.sp.gov.br\/culturanegra\/wp-content\/uploads\/sites\/11\/2025\/07\/WhatsApp-Image-2025-07-04-at-16.26.05.jpeg 1440w\" sizes=\"auto, (max-width: 950px) 100vw, 950px\" \/><\/figure>\n\n\n\n<figure class=\"wp-block-image size-large\"><img loading=\"lazy\" decoding=\"async\" width=\"713\" height=\"950\" data-id=\"364\" src=\"https:\/\/rotasturisticas.jundiai.sp.gov.br\/afro\/wp-content\/uploads\/sites\/11\/2025\/07\/WhatsApp-Image-2025-07-04-at-16.26.06-713x950.jpeg\" alt=\"\" class=\"wp-image-364\" srcset=\"https:\/\/rotasturisticas.jundiai.sp.gov.br\/culturanegra\/wp-content\/uploads\/sites\/11\/2025\/07\/WhatsApp-Image-2025-07-04-at-16.26.06-713x950.jpeg 713w, https:\/\/rotasturisticas.jundiai.sp.gov.br\/culturanegra\/wp-content\/uploads\/sites\/11\/2025\/07\/WhatsApp-Image-2025-07-04-at-16.26.06-768x1024.jpeg 768w, https:\/\/rotasturisticas.jundiai.sp.gov.br\/culturanegra\/wp-content\/uploads\/sites\/11\/2025\/07\/WhatsApp-Image-2025-07-04-at-16.26.06-1152x1536.jpeg 1152w, https:\/\/rotasturisticas.jundiai.sp.gov.br\/culturanegra\/wp-content\/uploads\/sites\/11\/2025\/07\/WhatsApp-Image-2025-07-04-at-16.26.06.jpeg 1200w\" sizes=\"auto, (max-width: 713px) 100vw, 713px\" \/><\/figure>\n\n\n\n<figure class=\"wp-block-image size-large\"><img loading=\"lazy\" decoding=\"async\" width=\"713\" height=\"950\" data-id=\"363\" src=\"https:\/\/rotasturisticas.jundiai.sp.gov.br\/afro\/wp-content\/uploads\/sites\/11\/2025\/07\/WhatsApp-Image-2025-07-07-at-10.11.54-1-713x950.jpeg\" alt=\"\" class=\"wp-image-363\" srcset=\"https:\/\/rotasturisticas.jundiai.sp.gov.br\/culturanegra\/wp-content\/uploads\/sites\/11\/2025\/07\/WhatsApp-Image-2025-07-07-at-10.11.54-1-713x950.jpeg 713w, https:\/\/rotasturisticas.jundiai.sp.gov.br\/culturanegra\/wp-content\/uploads\/sites\/11\/2025\/07\/WhatsApp-Image-2025-07-07-at-10.11.54-1-768x1024.jpeg 768w, https:\/\/rotasturisticas.jundiai.sp.gov.br\/culturanegra\/wp-content\/uploads\/sites\/11\/2025\/07\/WhatsApp-Image-2025-07-07-at-10.11.54-1-1152x1536.jpeg 1152w, https:\/\/rotasturisticas.jundiai.sp.gov.br\/culturanegra\/wp-content\/uploads\/sites\/11\/2025\/07\/WhatsApp-Image-2025-07-07-at-10.11.54-1.jpeg 1200w\" sizes=\"auto, (max-width: 713px) 100vw, 713px\" \/><\/figure>\n\n\n\n<figure class=\"wp-block-image size-large\"><img loading=\"lazy\" decoding=\"async\" width=\"949\" height=\"950\" data-id=\"360\" src=\"https:\/\/rotasturisticas.jundiai.sp.gov.br\/afro\/wp-content\/uploads\/sites\/11\/2025\/07\/WhatsApp-Image-2025-07-07-at-10.11.54-949x950.jpeg\" alt=\"\" class=\"wp-image-360\" srcset=\"https:\/\/rotasturisticas.jundiai.sp.gov.br\/culturanegra\/wp-content\/uploads\/sites\/11\/2025\/07\/WhatsApp-Image-2025-07-07-at-10.11.54-949x950.jpeg 949w, https:\/\/rotasturisticas.jundiai.sp.gov.br\/culturanegra\/wp-content\/uploads\/sites\/11\/2025\/07\/WhatsApp-Image-2025-07-07-at-10.11.54-100x100.jpeg 100w, https:\/\/rotasturisticas.jundiai.sp.gov.br\/culturanegra\/wp-content\/uploads\/sites\/11\/2025\/07\/WhatsApp-Image-2025-07-07-at-10.11.54-768x769.jpeg 768w, https:\/\/rotasturisticas.jundiai.sp.gov.br\/culturanegra\/wp-content\/uploads\/sites\/11\/2025\/07\/WhatsApp-Image-2025-07-07-at-10.11.54.jpeg 1280w\" sizes=\"auto, (max-width: 949px) 100vw, 949px\" \/><\/figure>\n<\/figure>\n","protected":false},"excerpt":{"rendered":"<p>H\u00e1 mais de 10 anos, Jelson Santos transforma materiais simples em joias \u00fanicas, feitas \u00e0 m\u00e3o com dedica\u00e7\u00e3o e criatividade. Como artes\u00e3o especializado em acess\u00f3rios, ele domina a arte de criar colares, pulseiras, brincos e an\u00e9is, utilizando arames, linhas, couros e outros materiais que d\u00e3o vida a pe\u00e7as exclusivas. Cada joia \u00e9 o reflexo de [&hellip;]<\/p>\n","protected":false},"author":23,"featured_media":0,"parent":25,"menu_order":0,"comment_status":"closed","ping_status":"closed","template":"page-local.php","meta":{"footnotes":""},"class_list":["post-354","page","type-page","status-publish","hentry"],"_links":{"self":[{"href":"https:\/\/rotasturisticas.jundiai.sp.gov.br\/culturanegra\/wp-json\/wp\/v2\/pages\/354","targetHints":{"allow":["GET"]}}],"collection":[{"href":"https:\/\/rotasturisticas.jundiai.sp.gov.br\/culturanegra\/wp-json\/wp\/v2\/pages"}],"about":[{"href":"https:\/\/rotasturisticas.jundiai.sp.gov.br\/culturanegra\/wp-json\/wp\/v2\/types\/page"}],"author":[{"embeddable":true,"href":"https:\/\/rotasturisticas.jundiai.sp.gov.br\/culturanegra\/wp-json\/wp\/v2\/users\/23"}],"replies":[{"embeddable":true,"href":"https:\/\/rotasturisticas.jundiai.sp.gov.br\/culturanegra\/wp-json\/wp\/v2\/comments?post=354"}],"version-history":[{"count":1,"href":"https:\/\/rotasturisticas.jundiai.sp.gov.br\/culturanegra\/wp-json\/wp\/v2\/pages\/354\/revisions"}],"predecessor-version":[{"id":365,"href":"https:\/\/rotasturisticas.jundiai.sp.gov.br\/culturanegra\/wp-json\/wp\/v2\/pages\/354\/revisions\/365"}],"up":[{"embeddable":true,"href":"https:\/\/rotasturisticas.jundiai.sp.gov.br\/culturanegra\/wp-json\/wp\/v2\/pages\/25"}],"wp:attachment":[{"href":"https:\/\/rotasturisticas.jundiai.sp.gov.br\/culturanegra\/wp-json\/wp\/v2\/media?parent=354"}],"curies":[{"name":"wp","href":"https:\/\/api.w.org\/{rel}","templated":true}]}}