{"id":154,"date":"2025-03-25T15:07:30","date_gmt":"2025-03-25T18:07:30","guid":{"rendered":"https:\/\/rotasturisticas.jundiai.sp.gov.br\/afro\/?page_id=154"},"modified":"2025-09-15T08:34:59","modified_gmt":"2025-09-15T11:34:59","slug":"de-voinha","status":"publish","type":"page","link":"https:\/\/rotasturisticas.jundiai.sp.gov.br\/culturanegra\/onde-comer\/de-voinha\/","title":{"rendered":"De Voinha"},"content":{"rendered":"\n<p>Nossa querida cidade de Vit\u00f3ria da Conquista, no interior da Bahia, possui uma antiga tradi\u00e7\u00e3o na fabrica\u00e7\u00e3o de biscoitos caseiros. S\u00e3o in\u00fameras as variedades e tipos de fabrica\u00e7\u00f5es.<br>E n\u00f3s, um casal baiano, ap\u00f3s adotarmos S\u00e3o Paulo como nossa nova casa, sent\u00edamos a falta desse sabor genu\u00edno de nossa terra. Por conta disso, em todas nossas viagens a passeio, volt\u00e1vamos trazendo os famosos biscoitos para matar um pouco da saudade. Crescemos com nossas av\u00f3s fazendo receitas do interior da Bahia e a todo instante essa saudade apertava no peito, com as lembran\u00e7as dos cheiros, carinhos e aconchego das nossas voinhas.<br>Como forma de homenage\u00e1-las e de buscar uma maneira, que os Paulistas pudessem experimentar as del\u00edcias nordestinas fora do padr\u00e3o conhecido de dend\u00eas e pimentas, e aproximar os milhares de nordestinos que vivem por aqui de sua terra, trouxemos mais um amigo baiano para esse projeto e os biscoitos juntos com ele!<br>Assim nasceu nosso sonho, de que ao provar os biscoitos De V\u00f3, eles despertem em voc\u00ea o sabor da inf\u00e2ncia e tragam uma sensa\u00e7\u00e3o de amor, carinho e aconchego que sempre encontramos na casa de nossas av\u00f3s. Desejamos que ao abrir um pacotinho de nossas del\u00edcias, esse seja o melhor momento do seu dia!<\/p>\n\n\n\n<figure class=\"wp-block-gallery has-nested-images columns-default is-cropped wp-block-gallery-1 is-layout-flex wp-block-gallery-is-layout-flex\">\n<figure class=\"wp-block-image size-large\"><img loading=\"lazy\" decoding=\"async\" width=\"739\" height=\"950\" data-id=\"423\" src=\"https:\/\/rotasturisticas.jundiai.sp.gov.br\/afro\/wp-content\/uploads\/sites\/11\/2025\/09\/logotipoescuro-739x950.png\" alt=\"\" class=\"wp-image-423\" srcset=\"https:\/\/rotasturisticas.jundiai.sp.gov.br\/culturanegra\/wp-content\/uploads\/sites\/11\/2025\/09\/logotipoescuro-739x950.png 739w, https:\/\/rotasturisticas.jundiai.sp.gov.br\/culturanegra\/wp-content\/uploads\/sites\/11\/2025\/09\/logotipoescuro-768x987.png 768w, https:\/\/rotasturisticas.jundiai.sp.gov.br\/culturanegra\/wp-content\/uploads\/sites\/11\/2025\/09\/logotipoescuro-1195x1536.png 1195w, https:\/\/rotasturisticas.jundiai.sp.gov.br\/culturanegra\/wp-content\/uploads\/sites\/11\/2025\/09\/logotipoescuro.png 1280w\" sizes=\"auto, (max-width: 739px) 100vw, 739px\" \/><\/figure>\n\n\n\n<figure class=\"wp-block-image size-large\"><img loading=\"lazy\" decoding=\"async\" width=\"633\" height=\"950\" data-id=\"243\" src=\"https:\/\/rotasturisticas.jundiai.sp.gov.br\/afro\/wp-content\/uploads\/sites\/11\/2025\/03\/MG_2671-633x950.jpg\" alt=\"\" class=\"wp-image-243\" srcset=\"https:\/\/rotasturisticas.jundiai.sp.gov.br\/culturanegra\/wp-content\/uploads\/sites\/11\/2025\/03\/MG_2671-633x950.jpg 633w, https:\/\/rotasturisticas.jundiai.sp.gov.br\/culturanegra\/wp-content\/uploads\/sites\/11\/2025\/03\/MG_2671-768x1152.jpg 768w, https:\/\/rotasturisticas.jundiai.sp.gov.br\/culturanegra\/wp-content\/uploads\/sites\/11\/2025\/03\/MG_2671-1024x1536.jpg 1024w, https:\/\/rotasturisticas.jundiai.sp.gov.br\/culturanegra\/wp-content\/uploads\/sites\/11\/2025\/03\/MG_2671.jpg 1280w\" sizes=\"auto, (max-width: 633px) 100vw, 633px\" \/><\/figure>\n\n\n\n<figure class=\"wp-block-image size-large\"><img loading=\"lazy\" decoding=\"async\" width=\"633\" height=\"950\" data-id=\"244\" src=\"https:\/\/rotasturisticas.jundiai.sp.gov.br\/afro\/wp-content\/uploads\/sites\/11\/2025\/03\/MG_2256-633x950.jpg\" alt=\"\" class=\"wp-image-244\" srcset=\"https:\/\/rotasturisticas.jundiai.sp.gov.br\/culturanegra\/wp-content\/uploads\/sites\/11\/2025\/03\/MG_2256-633x950.jpg 633w, https:\/\/rotasturisticas.jundiai.sp.gov.br\/culturanegra\/wp-content\/uploads\/sites\/11\/2025\/03\/MG_2256-768x1152.jpg 768w, https:\/\/rotasturisticas.jundiai.sp.gov.br\/culturanegra\/wp-content\/uploads\/sites\/11\/2025\/03\/MG_2256-1024x1536.jpg 1024w, https:\/\/rotasturisticas.jundiai.sp.gov.br\/culturanegra\/wp-content\/uploads\/sites\/11\/2025\/03\/MG_2256.jpg 1280w\" sizes=\"auto, (max-width: 633px) 100vw, 633px\" \/><\/figure>\n\n\n\n<figure class=\"wp-block-image size-large\"><img loading=\"lazy\" decoding=\"async\" width=\"633\" height=\"950\" data-id=\"242\" src=\"https:\/\/rotasturisticas.jundiai.sp.gov.br\/afro\/wp-content\/uploads\/sites\/11\/2025\/03\/MG_1948-633x950.jpg\" alt=\"\" class=\"wp-image-242\" srcset=\"https:\/\/rotasturisticas.jundiai.sp.gov.br\/culturanegra\/wp-content\/uploads\/sites\/11\/2025\/03\/MG_1948-633x950.jpg 633w, https:\/\/rotasturisticas.jundiai.sp.gov.br\/culturanegra\/wp-content\/uploads\/sites\/11\/2025\/03\/MG_1948-768x1152.jpg 768w, https:\/\/rotasturisticas.jundiai.sp.gov.br\/culturanegra\/wp-content\/uploads\/sites\/11\/2025\/03\/MG_1948-1024x1536.jpg 1024w, https:\/\/rotasturisticas.jundiai.sp.gov.br\/culturanegra\/wp-content\/uploads\/sites\/11\/2025\/03\/MG_1948.jpg 1280w\" sizes=\"auto, (max-width: 633px) 100vw, 633px\" \/><\/figure>\n\n\n\n<figure class=\"wp-block-image size-large\"><img loading=\"lazy\" decoding=\"async\" width=\"1280\" height=\"830\" data-id=\"247\" src=\"https:\/\/rotasturisticas.jundiai.sp.gov.br\/afro\/wp-content\/uploads\/sites\/11\/2025\/03\/MG_9439.jpg\" alt=\"\" class=\"wp-image-247\" srcset=\"https:\/\/rotasturisticas.jundiai.sp.gov.br\/culturanegra\/wp-content\/uploads\/sites\/11\/2025\/03\/MG_9439.jpg 1280w, https:\/\/rotasturisticas.jundiai.sp.gov.br\/culturanegra\/wp-content\/uploads\/sites\/11\/2025\/03\/MG_9439-768x498.jpg 768w\" sizes=\"auto, (max-width: 1280px) 100vw, 1280px\" \/><\/figure>\n\n\n\n<figure class=\"wp-block-image size-large\"><img loading=\"lazy\" decoding=\"async\" width=\"633\" height=\"950\" data-id=\"245\" src=\"https:\/\/rotasturisticas.jundiai.sp.gov.br\/afro\/wp-content\/uploads\/sites\/11\/2025\/03\/MG_9422-633x950.jpg\" alt=\"\" class=\"wp-image-245\" srcset=\"https:\/\/rotasturisticas.jundiai.sp.gov.br\/culturanegra\/wp-content\/uploads\/sites\/11\/2025\/03\/MG_9422-633x950.jpg 633w, https:\/\/rotasturisticas.jundiai.sp.gov.br\/culturanegra\/wp-content\/uploads\/sites\/11\/2025\/03\/MG_9422-768x1152.jpg 768w, https:\/\/rotasturisticas.jundiai.sp.gov.br\/culturanegra\/wp-content\/uploads\/sites\/11\/2025\/03\/MG_9422-1024x1536.jpg 1024w, https:\/\/rotasturisticas.jundiai.sp.gov.br\/culturanegra\/wp-content\/uploads\/sites\/11\/2025\/03\/MG_9422.jpg 1280w\" sizes=\"auto, (max-width: 633px) 100vw, 633px\" \/><\/figure>\n\n\n\n<figure class=\"wp-block-image size-large\"><img loading=\"lazy\" decoding=\"async\" width=\"633\" height=\"950\" data-id=\"246\" src=\"https:\/\/rotasturisticas.jundiai.sp.gov.br\/afro\/wp-content\/uploads\/sites\/11\/2025\/03\/MG_7012-633x950.jpg\" alt=\"\" class=\"wp-image-246\" srcset=\"https:\/\/rotasturisticas.jundiai.sp.gov.br\/culturanegra\/wp-content\/uploads\/sites\/11\/2025\/03\/MG_7012-633x950.jpg 633w, https:\/\/rotasturisticas.jundiai.sp.gov.br\/culturanegra\/wp-content\/uploads\/sites\/11\/2025\/03\/MG_7012-768x1152.jpg 768w, https:\/\/rotasturisticas.jundiai.sp.gov.br\/culturanegra\/wp-content\/uploads\/sites\/11\/2025\/03\/MG_7012-1024x1536.jpg 1024w, https:\/\/rotasturisticas.jundiai.sp.gov.br\/culturanegra\/wp-content\/uploads\/sites\/11\/2025\/03\/MG_7012.jpg 1280w\" sizes=\"auto, (max-width: 633px) 100vw, 633px\" \/><\/figure>\n<\/figure>\n","protected":false},"excerpt":{"rendered":"<p>Nossa querida cidade de Vit\u00f3ria da Conquista, no interior da Bahia, possui uma antiga tradi\u00e7\u00e3o na fabrica\u00e7\u00e3o de biscoitos caseiros. S\u00e3o in\u00fameras as variedades e tipos de fabrica\u00e7\u00f5es.E n\u00f3s, um casal baiano, ap\u00f3s adotarmos S\u00e3o Paulo como nossa nova casa, sent\u00edamos a falta desse sabor genu\u00edno de nossa terra. Por conta disso, em todas nossas [&hellip;]<\/p>\n","protected":false},"author":16,"featured_media":244,"parent":12,"menu_order":0,"comment_status":"closed","ping_status":"closed","template":"page-local.php","meta":{"footnotes":""},"class_list":["post-154","page","type-page","status-publish","has-post-thumbnail","hentry"],"_links":{"self":[{"href":"https:\/\/rotasturisticas.jundiai.sp.gov.br\/culturanegra\/wp-json\/wp\/v2\/pages\/154","targetHints":{"allow":["GET"]}}],"collection":[{"href":"https:\/\/rotasturisticas.jundiai.sp.gov.br\/culturanegra\/wp-json\/wp\/v2\/pages"}],"about":[{"href":"https:\/\/rotasturisticas.jundiai.sp.gov.br\/culturanegra\/wp-json\/wp\/v2\/types\/page"}],"author":[{"embeddable":true,"href":"https:\/\/rotasturisticas.jundiai.sp.gov.br\/culturanegra\/wp-json\/wp\/v2\/users\/16"}],"replies":[{"embeddable":true,"href":"https:\/\/rotasturisticas.jundiai.sp.gov.br\/culturanegra\/wp-json\/wp\/v2\/comments?post=154"}],"version-history":[{"count":4,"href":"https:\/\/rotasturisticas.jundiai.sp.gov.br\/culturanegra\/wp-json\/wp\/v2\/pages\/154\/revisions"}],"predecessor-version":[{"id":424,"href":"https:\/\/rotasturisticas.jundiai.sp.gov.br\/culturanegra\/wp-json\/wp\/v2\/pages\/154\/revisions\/424"}],"up":[{"embeddable":true,"href":"https:\/\/rotasturisticas.jundiai.sp.gov.br\/culturanegra\/wp-json\/wp\/v2\/pages\/12"}],"wp:featuredmedia":[{"embeddable":true,"href":"https:\/\/rotasturisticas.jundiai.sp.gov.br\/culturanegra\/wp-json\/wp\/v2\/media\/244"}],"wp:attachment":[{"href":"https:\/\/rotasturisticas.jundiai.sp.gov.br\/culturanegra\/wp-json\/wp\/v2\/media?parent=154"}],"curies":[{"name":"wp","href":"https:\/\/api.w.org\/{rel}","templated":true}]}}