{"id":152,"date":"2025-03-25T15:07:07","date_gmt":"2025-03-25T18:07:07","guid":{"rendered":"https:\/\/rotasturisticas.jundiai.sp.gov.br\/afro\/?page_id=152"},"modified":"2025-03-27T14:17:08","modified_gmt":"2025-03-27T17:17:08","slug":"clube-28-de-setembro","status":"publish","type":"page","link":"https:\/\/rotasturisticas.jundiai.sp.gov.br\/culturanegra\/onde-comer\/clube-28-de-setembro\/","title":{"rendered":"Clube 28 de Setembro"},"content":{"rendered":"\n<p>Segundo o Arquivo Hist\u00f3rico Municipal a origem do Clube Beneficente, Cultural e Recreativo 28 de Setembro est\u00e1 ligada \u00e0 iniciativa de um grupo de ferrovi\u00e1rios negros, trabalhadores da Companhia Paulista de Estradas de ferro que, no final do s\u00e9culo 19, uniram-se para formar uma agremia\u00e7\u00e3o pr\u00f3pria destinada ao entretenimento, educa\u00e7\u00e3o, cultura e assist\u00eancia m\u00fatua.&nbsp;<\/p>\n\n\n\n<p>O Clube foi idealizado no dia 02 de abril de 1895, recebendo, na mesma data, o nome de \u201cDois de Abril\u201d, com a ata de funda\u00e7\u00e3o, por meio da qual solicitava a doa\u00e7\u00e3o de livros para amplia\u00e7\u00e3o de sua biblioteca.&nbsp; Transcorridos dois anos de sua idealiza\u00e7\u00e3o, o nome foi alterado para Clube 28 de Setembro, em homenagem \u00e0 Lei do Ventre Livre,&nbsp; tamb\u00e9m conhecida como Lei Rio Branco,&nbsp; Lei n. 2.040, de 28 de setembro de 1871, e Lei dos Sexagen\u00e1rios, conhecida por Lei Saraiva-Cotegipe, de 28 de setembro de 1885.<br>Em 1946, a partir das reivindica\u00e7\u00f5es da comunidade negra e as articula\u00e7\u00f5es com o ent\u00e3o Prefeito Dr. Jos\u00e9 Romeiro Pereira, o Clube 28 recebeu, por for\u00e7a de lei, o terreno onde se encontra edificada a sede atual \u2013 Rua Petronilha Antunes, n.\u00ba 363 \u2013 na Pra\u00e7a da Bandeira,<\/p>\n\n\n\n<p>\u00c9 poss\u00edvel verificar nas atas da d\u00e9cada de 1930&nbsp; que o Clube 28 manteve uma escola de samba, que foi vencedora, por muitos anos, dos carnavais de Jundia\u00ed e cria\u00e7\u00e3o de uma escola de alfabetiza\u00e7\u00e3o, a Cruz e Souza que atendia tanto associados como o p\u00fablico em geral. Saraus liter\u00e1rios e encena\u00e7\u00f5es teatrais tamb\u00e9m faziam parte das atividades, o que tamb\u00e9m despertou olhares da Frente Negra Brasileira, um movimento sob o comando do Senador Abdias do Nascimento e outros intelectuais.<\/p>\n\n\n\n<p>&nbsp;Em 2013, Maria Angela Borges em publica\u00e7\u00e3o na Revista Educa\u00e7\u00e3o e Fronteiras cita que nas d\u00e9cadas iniciais do s\u00e9culo 20, al\u00e9m de bailes, concursos de beleza e outros encontros de natureza social, O Clube 28 de Setembro buscou viabilizar iniciativas educacionais, ora por meio da oferta de \u201cpalestras\u201d que tinham por tem\u00e1tica central epis\u00f3dios da hist\u00f3ria do Brasil ou grandes nomes da literatura, ora com cursos de car\u00e1ter profissionalizante, alguns dedicados \u00e0s mulheres como de datilografia e costura.<\/p>\n\n\n\n<p>&nbsp;O Clube 28 realiza atividades sociais, culturais e de lazer e entre elas est\u00e1 o tradicional Baile de Anivers\u00e1rio, evento que faz parte do calend\u00e1rio Municipal de Eventos de acordo com a Lei Municipal n. 7.312 de 08 de julho de 2009. Foi Ponto de Cultura em 2010, atrav\u00e9s de parcerias entre os governos Federal e Estadual. Em 2016 foi reconhecido como bem cultural imaterial da cidade na reuni\u00e3o ordin\u00e1ria do Conselho Municipal do Patrim\u00f4nio Art\u00edstico e Cultural \u2013 COMPAC,&nbsp; de 19\/01\/2016, conforme publica\u00e7\u00e3o na Imprensa Oficial do Munic\u00edpio de Jundia\u00ed, em 22\/01\/2016, e registrado no Livro de Registro de Lugares, em seu V.1 \u2013 FL. 002, sob o n\u00b0 01\/2016, no dia 29\/01\/2016. \u00c9 o quarto clube social negro mais antigo do Brasil ainda em atividade e o mais antigo do Estado de S\u00e3o Paulo.<\/p>\n\n\n\n<p>As raz\u00f5es que levaram homens e mulheres a criarem uma institui\u00e7\u00e3o para congrega\u00e7\u00e3o de pessoas negras, cinco anos ap\u00f3s a aboli\u00e7\u00e3o da escravatura, possivelmente ainda s\u00e3o as mesmas que hoje fazem com que o movimento negro organizado lute pela efetiva\u00e7\u00e3o dos direitos sociais da popula\u00e7\u00e3o negra. Assim, bem prov\u00e1vel que, boa parte das motiva\u00e7\u00f5es sociais e hist\u00f3ricas que aglutinaram aqueles homens e mulheres h\u00e1 cento e vinte e oito anos, ainda hoje mantenham-se presentes, apesar dos avan\u00e7os sociais, econ\u00f4micos e tecnol\u00f3gicos da sociedade.&nbsp;<\/p>\n\n\n\n<p><strong>Saiba mais em:&nbsp;<\/strong><a href=\"https:\/\/cultura.jundiai.sp.gov.br\/espacos-culturais\/arquivo-historico-professora-maria-angela-borges-salvadori\/\">Arquivo Hist\u00f3rico Professora Maria Angela Borges Salvadori<\/a><\/p>\n\n\n\n<p>Texto: Val\u00e9ria de Paula Ign\u00e1cio, Departamento de Cultura e Denilson Ricardo Andr\u00e9,<strong>&nbsp;<\/strong>Departamento de Patrim\u00f4nio. Unidade de Gest\u00e3o de Cultura \u2013 Fevereiro\/2023 \u2013 revis\u00e3o Mar\u00e7o\/2025.<\/p>\n\n\n\n<figure class=\"wp-block-gallery has-nested-images columns-default is-cropped wp-block-gallery-1 is-layout-flex wp-block-gallery-is-layout-flex\">\n<figure class=\"wp-block-image size-full\"><img loading=\"lazy\" decoding=\"async\" width=\"300\" height=\"168\" data-id=\"177\" src=\"https:\/\/rotasturisticas.jundiai.sp.gov.br\/afro\/wp-content\/uploads\/sites\/11\/2025\/03\/images-1.jpg\" alt=\"\" class=\"wp-image-177\" \/><\/figure>\n\n\n\n<figure class=\"wp-block-image size-full\"><img loading=\"lazy\" decoding=\"async\" width=\"1280\" height=\"850\" data-id=\"179\" src=\"https:\/\/rotasturisticas.jundiai.sp.gov.br\/afro\/wp-content\/uploads\/sites\/11\/2025\/03\/CLUBE-28-DE-SETEMBRO-2.jpg\" alt=\"\" class=\"wp-image-179\" srcset=\"https:\/\/rotasturisticas.jundiai.sp.gov.br\/culturanegra\/wp-content\/uploads\/sites\/11\/2025\/03\/CLUBE-28-DE-SETEMBRO-2.jpg 1280w, https:\/\/rotasturisticas.jundiai.sp.gov.br\/culturanegra\/wp-content\/uploads\/sites\/11\/2025\/03\/CLUBE-28-DE-SETEMBRO-2-768x510.jpg 768w\" sizes=\"auto, (max-width: 1280px) 100vw, 1280px\" \/><\/figure>\n\n\n\n<figure class=\"wp-block-image size-full\"><img loading=\"lazy\" decoding=\"async\" width=\"1280\" height=\"853\" data-id=\"184\" src=\"https:\/\/rotasturisticas.jundiai.sp.gov.br\/afro\/wp-content\/uploads\/sites\/11\/2025\/03\/28-Rota-Afro-alunos-Escola-Estadual-Cecilia-Rolemberg_fm_-236.jpg\" alt=\"\" class=\"wp-image-184\" srcset=\"https:\/\/rotasturisticas.jundiai.sp.gov.br\/culturanegra\/wp-content\/uploads\/sites\/11\/2025\/03\/28-Rota-Afro-alunos-Escola-Estadual-Cecilia-Rolemberg_fm_-236.jpg 1280w, https:\/\/rotasturisticas.jundiai.sp.gov.br\/culturanegra\/wp-content\/uploads\/sites\/11\/2025\/03\/28-Rota-Afro-alunos-Escola-Estadual-Cecilia-Rolemberg_fm_-236-768x512.jpg 768w\" sizes=\"auto, (max-width: 1280px) 100vw, 1280px\" \/><\/figure>\n\n\n\n<figure class=\"wp-block-image size-full\"><img loading=\"lazy\" decoding=\"async\" width=\"400\" height=\"400\" data-id=\"178\" src=\"https:\/\/rotasturisticas.jundiai.sp.gov.br\/afro\/wp-content\/uploads\/sites\/11\/2025\/03\/LOGO_CLUBE_400x400.jpg\" alt=\"\" class=\"wp-image-178\" srcset=\"https:\/\/rotasturisticas.jundiai.sp.gov.br\/culturanegra\/wp-content\/uploads\/sites\/11\/2025\/03\/LOGO_CLUBE_400x400.jpg 400w, https:\/\/rotasturisticas.jundiai.sp.gov.br\/culturanegra\/wp-content\/uploads\/sites\/11\/2025\/03\/LOGO_CLUBE_400x400-100x100.jpg 100w\" sizes=\"auto, (max-width: 400px) 100vw, 400px\" \/><\/figure>\n\n\n\n<figure class=\"wp-block-image size-full\"><img loading=\"lazy\" decoding=\"async\" width=\"1200\" height=\"630\" data-id=\"182\" src=\"https:\/\/rotasturisticas.jundiai.sp.gov.br\/afro\/wp-content\/uploads\/sites\/11\/2025\/03\/renata-imagem-receitas-lasanha-vegetariana-share.jpg\" alt=\"\" class=\"wp-image-182\" srcset=\"https:\/\/rotasturisticas.jundiai.sp.gov.br\/culturanegra\/wp-content\/uploads\/sites\/11\/2025\/03\/renata-imagem-receitas-lasanha-vegetariana-share.jpg 1200w, https:\/\/rotasturisticas.jundiai.sp.gov.br\/culturanegra\/wp-content\/uploads\/sites\/11\/2025\/03\/renata-imagem-receitas-lasanha-vegetariana-share-768x403.jpg 768w\" sizes=\"auto, (max-width: 1200px) 100vw, 1200px\" \/><\/figure>\n\n\n\n<figure class=\"wp-block-image size-full\"><img loading=\"lazy\" decoding=\"async\" width=\"750\" height=\"500\" data-id=\"181\" src=\"https:\/\/rotasturisticas.jundiai.sp.gov.br\/afro\/wp-content\/uploads\/sites\/11\/2025\/03\/prato-feihoada.jpg\" alt=\"\" class=\"wp-image-181\" \/><\/figure>\n\n\n\n<figure class=\"wp-block-image size-full\"><img loading=\"lazy\" decoding=\"async\" width=\"650\" height=\"355\" data-id=\"183\" src=\"https:\/\/rotasturisticas.jundiai.sp.gov.br\/afro\/wp-content\/uploads\/sites\/11\/2025\/03\/lasanha-de-frango-2.jpg\" alt=\"\" class=\"wp-image-183\" \/><\/figure>\n\n\n\n<figure class=\"wp-block-image size-full\"><img loading=\"lazy\" decoding=\"async\" width=\"265\" height=\"190\" data-id=\"180\" src=\"https:\/\/rotasturisticas.jundiai.sp.gov.br\/afro\/wp-content\/uploads\/sites\/11\/2025\/03\/images.jpg\" alt=\"\" class=\"wp-image-180\" \/><\/figure>\n<\/figure>\n","protected":false},"excerpt":{"rendered":"<p>Segundo o Arquivo Hist\u00f3rico Municipal a origem do Clube Beneficente, Cultural e Recreativo 28 de Setembro est\u00e1 ligada \u00e0 iniciativa de um grupo de ferrovi\u00e1rios negros, trabalhadores da Companhia Paulista de Estradas de ferro que, no final do s\u00e9culo 19, uniram-se para formar uma agremia\u00e7\u00e3o pr\u00f3pria destinada ao entretenimento, educa\u00e7\u00e3o, cultura e assist\u00eancia m\u00fatua.&nbsp; O [&hellip;]<\/p>\n","protected":false},"author":16,"featured_media":181,"parent":12,"menu_order":0,"comment_status":"closed","ping_status":"closed","template":"page-local.php","meta":{"footnotes":""},"class_list":["post-152","page","type-page","status-publish","has-post-thumbnail","hentry"],"_links":{"self":[{"href":"https:\/\/rotasturisticas.jundiai.sp.gov.br\/culturanegra\/wp-json\/wp\/v2\/pages\/152","targetHints":{"allow":["GET"]}}],"collection":[{"href":"https:\/\/rotasturisticas.jundiai.sp.gov.br\/culturanegra\/wp-json\/wp\/v2\/pages"}],"about":[{"href":"https:\/\/rotasturisticas.jundiai.sp.gov.br\/culturanegra\/wp-json\/wp\/v2\/types\/page"}],"author":[{"embeddable":true,"href":"https:\/\/rotasturisticas.jundiai.sp.gov.br\/culturanegra\/wp-json\/wp\/v2\/users\/16"}],"replies":[{"embeddable":true,"href":"https:\/\/rotasturisticas.jundiai.sp.gov.br\/culturanegra\/wp-json\/wp\/v2\/comments?post=152"}],"version-history":[{"count":2,"href":"https:\/\/rotasturisticas.jundiai.sp.gov.br\/culturanegra\/wp-json\/wp\/v2\/pages\/152\/revisions"}],"predecessor-version":[{"id":241,"href":"https:\/\/rotasturisticas.jundiai.sp.gov.br\/culturanegra\/wp-json\/wp\/v2\/pages\/152\/revisions\/241"}],"up":[{"embeddable":true,"href":"https:\/\/rotasturisticas.jundiai.sp.gov.br\/culturanegra\/wp-json\/wp\/v2\/pages\/12"}],"wp:featuredmedia":[{"embeddable":true,"href":"https:\/\/rotasturisticas.jundiai.sp.gov.br\/culturanegra\/wp-json\/wp\/v2\/media\/181"}],"wp:attachment":[{"href":"https:\/\/rotasturisticas.jundiai.sp.gov.br\/culturanegra\/wp-json\/wp\/v2\/media?parent=152"}],"curies":[{"name":"wp","href":"https:\/\/api.w.org\/{rel}","templated":true}]}}