{"id":146,"date":"2025-03-25T15:05:03","date_gmt":"2025-03-25T18:05:03","guid":{"rendered":"https:\/\/rotasturisticas.jundiai.sp.gov.br\/afro\/?page_id=146"},"modified":"2025-03-31T10:39:09","modified_gmt":"2025-03-31T13:39:09","slug":"museu-historico-de-cultural-solar-do-barao","status":"publish","type":"page","link":"https:\/\/rotasturisticas.jundiai.sp.gov.br\/culturanegra\/o-que-visitar\/museu-historico-de-cultural-solar-do-barao\/","title":{"rendered":"Museu Hist\u00f3rico de Cultural Solar do Bar\u00e3o"},"content":{"rendered":"\n<p>De acordo com a Prefeitura de Jundia\u00ed, o Museu Hist\u00f3rico e Cultural de Jundia\u00ed foi criado pela Lei municipal n.\u00ba 406, em 10 de junho de 1955, como forma de preservar e democratizar a Hist\u00f3ria e a Cultura do Munic\u00edpio. Sua inaugura\u00e7\u00e3o, no entanto, realizou-se somente em 28 de mar\u00e7o de 1965, durante a gest\u00e3o do prefeito Pedro F\u00e1varo e seu primeiro respons\u00e1vel foi o Padre Ant\u00f4nio Tolloi Maria Stafuzza.<\/p>\n\n\n\n<p>Desde a sua funda\u00e7\u00e3o, o Museu teve seu funcionamento em diversos espa\u00e7os, como o Parque Comendador Ant\u00f4nio Carbonari (Parque da Uva), em im\u00f3vel na Pra\u00e7a dos Andradas e na Rua Rangel Pestana, onde tamb\u00e9m teve seu acervo armazenado durante o per\u00edodo em que ficou fechado.<\/p>\n\n\n\n<p>A transfer\u00eancia do Museu para o Solar da Bar\u00e3o aconteceu somente em 1982, quando foi reinaugurado, em 08 de maio daquele ano. O edif\u00edcio, localizado em pleno Centro Hist\u00f3rico do Munic\u00edpio, teve sua constru\u00e7\u00e3o iniciada na d\u00e9cada de 1790 e serviu de resid\u00eancia para os Queiroz Telles, expoentes da aristocracia cafeeira e canavieira do interior do Estado de S\u00e3o Paulo. O nome \u201cSolar do Bar\u00e3o\u201d faz refer\u00eancia a Ant\u00f4nio de Queiroz Telles, o bar\u00e3o de Jundia\u00ed. Sua fachada e estrutura atuais resultam de reforma na d\u00e9cada de 1860, resultado da opul\u00eancia da economia cafeeira e da chegada da ferrovia ao Munic\u00edpio. O Solar do Bar\u00e3o \u00e9 testemunha do passado em que a popula\u00e7\u00e3o negra foi a m\u00e3o-de-obra que contribuiu na constru\u00e7\u00e3o da cidade de Jundia\u00ed e essa heran\u00e7a deve ser explorada e apropriada pelas gera\u00e7\u00f5es atuais e futuras, para n\u00e3o perdermos essa mem\u00f3ria.<\/p>\n\n\n\n<p><strong>Saiba mais em<\/strong>: <a href=\"https:\/\/cultura.jundiai.sp.gov.br\/espacos-culturais\/museu-historico-e-cultural-de-jundiai\/\">Cultura Jundia\u00ed <\/a><\/p>\n\n\n\n<p>Texto: Val\u00e9ria de Paula Ign\u00e1cio, Departamento de Cultura e Denilson Ricardo Andr\u00e9,<strong>\u00a0<\/strong>Departamento de Patrim\u00f4nio. Unidade de Gest\u00e3o de Cultura \u2013 Fevereiro\/2023 \u2013 revis\u00e3o Mar\u00e7o\/2025.<\/p>\n\n\n\n<figure class=\"wp-block-gallery has-nested-images columns-default is-cropped wp-block-gallery-1 is-layout-flex wp-block-gallery-is-layout-flex\">\n<figure class=\"wp-block-image size-full\"><img loading=\"lazy\" decoding=\"async\" width=\"1280\" height=\"853\" data-id=\"163\" src=\"https:\/\/rotasturisticas.jundiai.sp.gov.br\/afro\/wp-content\/uploads\/sites\/11\/2025\/03\/salas_museu_solar_do_barao-3.jpg\" alt=\"\" class=\"wp-image-163\" srcset=\"https:\/\/rotasturisticas.jundiai.sp.gov.br\/culturanegra\/wp-content\/uploads\/sites\/11\/2025\/03\/salas_museu_solar_do_barao-3.jpg 1280w, https:\/\/rotasturisticas.jundiai.sp.gov.br\/culturanegra\/wp-content\/uploads\/sites\/11\/2025\/03\/salas_museu_solar_do_barao-3-768x512.jpg 768w\" sizes=\"auto, (max-width: 1280px) 100vw, 1280px\" \/><\/figure>\n\n\n\n<figure class=\"wp-block-image size-full\"><img loading=\"lazy\" decoding=\"async\" width=\"1280\" height=\"853\" data-id=\"164\" src=\"https:\/\/rotasturisticas.jundiai.sp.gov.br\/afro\/wp-content\/uploads\/sites\/11\/2025\/03\/salas_museu_solar_do_barao-58.jpg\" alt=\"\" class=\"wp-image-164\" srcset=\"https:\/\/rotasturisticas.jundiai.sp.gov.br\/culturanegra\/wp-content\/uploads\/sites\/11\/2025\/03\/salas_museu_solar_do_barao-58.jpg 1280w, https:\/\/rotasturisticas.jundiai.sp.gov.br\/culturanegra\/wp-content\/uploads\/sites\/11\/2025\/03\/salas_museu_solar_do_barao-58-768x512.jpg 768w\" sizes=\"auto, (max-width: 1280px) 100vw, 1280px\" \/><\/figure>\n\n\n\n<figure class=\"wp-block-image size-full\"><img loading=\"lazy\" decoding=\"async\" width=\"1280\" height=\"853\" data-id=\"170\" src=\"https:\/\/rotasturisticas.jundiai.sp.gov.br\/afro\/wp-content\/uploads\/sites\/11\/2025\/03\/salas_museu_solar_do_barao-62.jpg\" alt=\"\" class=\"wp-image-170\" srcset=\"https:\/\/rotasturisticas.jundiai.sp.gov.br\/culturanegra\/wp-content\/uploads\/sites\/11\/2025\/03\/salas_museu_solar_do_barao-62.jpg 1280w, https:\/\/rotasturisticas.jundiai.sp.gov.br\/culturanegra\/wp-content\/uploads\/sites\/11\/2025\/03\/salas_museu_solar_do_barao-62-768x512.jpg 768w\" sizes=\"auto, (max-width: 1280px) 100vw, 1280px\" \/><\/figure>\n\n\n\n<figure class=\"wp-block-image size-full\"><img loading=\"lazy\" decoding=\"async\" width=\"1280\" height=\"850\" data-id=\"169\" src=\"https:\/\/rotasturisticas.jundiai.sp.gov.br\/afro\/wp-content\/uploads\/sites\/11\/2025\/03\/MUSEU-SOLAR-DO-BARAO-12.jpg\" alt=\"\" class=\"wp-image-169\" srcset=\"https:\/\/rotasturisticas.jundiai.sp.gov.br\/culturanegra\/wp-content\/uploads\/sites\/11\/2025\/03\/MUSEU-SOLAR-DO-BARAO-12.jpg 1280w, https:\/\/rotasturisticas.jundiai.sp.gov.br\/culturanegra\/wp-content\/uploads\/sites\/11\/2025\/03\/MUSEU-SOLAR-DO-BARAO-12-768x510.jpg 768w\" sizes=\"auto, (max-width: 1280px) 100vw, 1280px\" \/><\/figure>\n\n\n\n<figure class=\"wp-block-image size-full\"><img loading=\"lazy\" decoding=\"async\" width=\"1280\" height=\"853\" data-id=\"173\" src=\"https:\/\/rotasturisticas.jundiai.sp.gov.br\/afro\/wp-content\/uploads\/sites\/11\/2025\/03\/alagoas_esposicao_solar-31.jpg\" alt=\"\" class=\"wp-image-173\" srcset=\"https:\/\/rotasturisticas.jundiai.sp.gov.br\/culturanegra\/wp-content\/uploads\/sites\/11\/2025\/03\/alagoas_esposicao_solar-31.jpg 1280w, https:\/\/rotasturisticas.jundiai.sp.gov.br\/culturanegra\/wp-content\/uploads\/sites\/11\/2025\/03\/alagoas_esposicao_solar-31-768x512.jpg 768w\" sizes=\"auto, (max-width: 1280px) 100vw, 1280px\" \/><\/figure>\n\n\n\n<figure class=\"wp-block-image size-full\"><img loading=\"lazy\" decoding=\"async\" width=\"1280\" height=\"903\" data-id=\"172\" src=\"https:\/\/rotasturisticas.jundiai.sp.gov.br\/afro\/wp-content\/uploads\/sites\/11\/2025\/03\/alagoas_esposicao_solar-30.jpg\" alt=\"\" class=\"wp-image-172\" srcset=\"https:\/\/rotasturisticas.jundiai.sp.gov.br\/culturanegra\/wp-content\/uploads\/sites\/11\/2025\/03\/alagoas_esposicao_solar-30.jpg 1280w, https:\/\/rotasturisticas.jundiai.sp.gov.br\/culturanegra\/wp-content\/uploads\/sites\/11\/2025\/03\/alagoas_esposicao_solar-30-768x542.jpg 768w\" sizes=\"auto, (max-width: 1280px) 100vw, 1280px\" \/><\/figure>\n\n\n\n<figure class=\"wp-block-image size-full\"><img loading=\"lazy\" decoding=\"async\" width=\"1280\" height=\"853\" data-id=\"171\" src=\"https:\/\/rotasturisticas.jundiai.sp.gov.br\/afro\/wp-content\/uploads\/sites\/11\/2025\/03\/alagoas_esposicao_solar-25.jpg\" alt=\"\" class=\"wp-image-171\" srcset=\"https:\/\/rotasturisticas.jundiai.sp.gov.br\/culturanegra\/wp-content\/uploads\/sites\/11\/2025\/03\/alagoas_esposicao_solar-25.jpg 1280w, https:\/\/rotasturisticas.jundiai.sp.gov.br\/culturanegra\/wp-content\/uploads\/sites\/11\/2025\/03\/alagoas_esposicao_solar-25-768x512.jpg 768w\" sizes=\"auto, (max-width: 1280px) 100vw, 1280px\" \/><\/figure>\n\n\n\n<figure class=\"wp-block-image size-full\"><img loading=\"lazy\" decoding=\"async\" width=\"1280\" height=\"853\" data-id=\"168\" src=\"https:\/\/rotasturisticas.jundiai.sp.gov.br\/afro\/wp-content\/uploads\/sites\/11\/2025\/03\/Abertura_Exposicao_Holocausto_Museu_Solar_do_Barao_PA-1.jpg\" alt=\"\" class=\"wp-image-168\" srcset=\"https:\/\/rotasturisticas.jundiai.sp.gov.br\/culturanegra\/wp-content\/uploads\/sites\/11\/2025\/03\/Abertura_Exposicao_Holocausto_Museu_Solar_do_Barao_PA-1.jpg 1280w, https:\/\/rotasturisticas.jundiai.sp.gov.br\/culturanegra\/wp-content\/uploads\/sites\/11\/2025\/03\/Abertura_Exposicao_Holocausto_Museu_Solar_do_Barao_PA-1-768x512.jpg 768w\" sizes=\"auto, (max-width: 1280px) 100vw, 1280px\" \/><\/figure>\n\n\n\n<figure class=\"wp-block-image size-full\"><img loading=\"lazy\" decoding=\"async\" width=\"1280\" height=\"853\" data-id=\"165\" src=\"https:\/\/rotasturisticas.jundiai.sp.gov.br\/afro\/wp-content\/uploads\/sites\/11\/2025\/03\/salas_museu_solar_do_barao-70.jpg\" alt=\"\" class=\"wp-image-165\" srcset=\"https:\/\/rotasturisticas.jundiai.sp.gov.br\/culturanegra\/wp-content\/uploads\/sites\/11\/2025\/03\/salas_museu_solar_do_barao-70.jpg 1280w, https:\/\/rotasturisticas.jundiai.sp.gov.br\/culturanegra\/wp-content\/uploads\/sites\/11\/2025\/03\/salas_museu_solar_do_barao-70-768x512.jpg 768w\" sizes=\"auto, (max-width: 1280px) 100vw, 1280px\" \/><\/figure>\n\n\n\n<figure class=\"wp-block-image size-full\"><img loading=\"lazy\" decoding=\"async\" width=\"1280\" height=\"853\" data-id=\"166\" src=\"https:\/\/rotasturisticas.jundiai.sp.gov.br\/afro\/wp-content\/uploads\/sites\/11\/2025\/03\/salas_museu_solar_do_barao-65.jpg\" alt=\"\" class=\"wp-image-166\" srcset=\"https:\/\/rotasturisticas.jundiai.sp.gov.br\/culturanegra\/wp-content\/uploads\/sites\/11\/2025\/03\/salas_museu_solar_do_barao-65.jpg 1280w, https:\/\/rotasturisticas.jundiai.sp.gov.br\/culturanegra\/wp-content\/uploads\/sites\/11\/2025\/03\/salas_museu_solar_do_barao-65-768x512.jpg 768w\" sizes=\"auto, (max-width: 1280px) 100vw, 1280px\" \/><\/figure>\n\n\n\n<figure class=\"wp-block-image size-full\"><img loading=\"lazy\" decoding=\"async\" width=\"1280\" height=\"853\" data-id=\"174\" src=\"https:\/\/rotasturisticas.jundiai.sp.gov.br\/afro\/wp-content\/uploads\/sites\/11\/2025\/03\/Museu-Solar-do-Barao-Jardim-florido_fm_-13.jpg\" alt=\"\" class=\"wp-image-174\" srcset=\"https:\/\/rotasturisticas.jundiai.sp.gov.br\/culturanegra\/wp-content\/uploads\/sites\/11\/2025\/03\/Museu-Solar-do-Barao-Jardim-florido_fm_-13.jpg 1280w, https:\/\/rotasturisticas.jundiai.sp.gov.br\/culturanegra\/wp-content\/uploads\/sites\/11\/2025\/03\/Museu-Solar-do-Barao-Jardim-florido_fm_-13-768x512.jpg 768w\" sizes=\"auto, (max-width: 1280px) 100vw, 1280px\" \/><\/figure>\n\n\n\n<figure class=\"wp-block-image size-full\"><img loading=\"lazy\" decoding=\"async\" width=\"1200\" height=\"800\" data-id=\"167\" src=\"https:\/\/rotasturisticas.jundiai.sp.gov.br\/afro\/wp-content\/uploads\/sites\/11\/2025\/03\/Pintura-jardim-do-solar-do-barao-_WS-18-1200x800-1.jpg\" alt=\"\" class=\"wp-image-167\" srcset=\"https:\/\/rotasturisticas.jundiai.sp.gov.br\/culturanegra\/wp-content\/uploads\/sites\/11\/2025\/03\/Pintura-jardim-do-solar-do-barao-_WS-18-1200x800-1.jpg 1200w, https:\/\/rotasturisticas.jundiai.sp.gov.br\/culturanegra\/wp-content\/uploads\/sites\/11\/2025\/03\/Pintura-jardim-do-solar-do-barao-_WS-18-1200x800-1-768x512.jpg 768w\" sizes=\"auto, (max-width: 1200px) 100vw, 1200px\" \/><\/figure>\n<\/figure>\n","protected":false},"excerpt":{"rendered":"<p>De acordo com a Prefeitura de Jundia\u00ed, o Museu Hist\u00f3rico e Cultural de Jundia\u00ed foi criado pela Lei municipal n.\u00ba 406, em 10 de junho de 1955, como forma de preservar e democratizar a Hist\u00f3ria e a Cultura do Munic\u00edpio. Sua inaugura\u00e7\u00e3o, no entanto, realizou-se somente em 28 de mar\u00e7o de 1965, durante a gest\u00e3o [&hellip;]<\/p>\n","protected":false},"author":16,"featured_media":169,"parent":10,"menu_order":0,"comment_status":"closed","ping_status":"closed","template":"page-local.php","meta":{"footnotes":""},"class_list":["post-146","page","type-page","status-publish","has-post-thumbnail","hentry"],"_links":{"self":[{"href":"https:\/\/rotasturisticas.jundiai.sp.gov.br\/culturanegra\/wp-json\/wp\/v2\/pages\/146","targetHints":{"allow":["GET"]}}],"collection":[{"href":"https:\/\/rotasturisticas.jundiai.sp.gov.br\/culturanegra\/wp-json\/wp\/v2\/pages"}],"about":[{"href":"https:\/\/rotasturisticas.jundiai.sp.gov.br\/culturanegra\/wp-json\/wp\/v2\/types\/page"}],"author":[{"embeddable":true,"href":"https:\/\/rotasturisticas.jundiai.sp.gov.br\/culturanegra\/wp-json\/wp\/v2\/users\/16"}],"replies":[{"embeddable":true,"href":"https:\/\/rotasturisticas.jundiai.sp.gov.br\/culturanegra\/wp-json\/wp\/v2\/comments?post=146"}],"version-history":[{"count":4,"href":"https:\/\/rotasturisticas.jundiai.sp.gov.br\/culturanegra\/wp-json\/wp\/v2\/pages\/146\/revisions"}],"predecessor-version":[{"id":298,"href":"https:\/\/rotasturisticas.jundiai.sp.gov.br\/culturanegra\/wp-json\/wp\/v2\/pages\/146\/revisions\/298"}],"up":[{"embeddable":true,"href":"https:\/\/rotasturisticas.jundiai.sp.gov.br\/culturanegra\/wp-json\/wp\/v2\/pages\/10"}],"wp:featuredmedia":[{"embeddable":true,"href":"https:\/\/rotasturisticas.jundiai.sp.gov.br\/culturanegra\/wp-json\/wp\/v2\/media\/169"}],"wp:attachment":[{"href":"https:\/\/rotasturisticas.jundiai.sp.gov.br\/culturanegra\/wp-json\/wp\/v2\/media?parent=146"}],"curies":[{"name":"wp","href":"https:\/\/api.w.org\/{rel}","templated":true}]}}